{"id":39,"date":"2016-12-14T22:44:10","date_gmt":"2016-12-14T21:44:10","guid":{"rendered":"http:\/\/www.anmeldung2.dav-murnau.de\/?page_id=39"},"modified":"2019-12-18T21:46:54","modified_gmt":"2019-12-18T20:46:54","slug":"impressum","status":"publish","type":"page","link":"https:\/\/www.anmeldung2.dav-murnau.de\/?page_id=39","title":{"rendered":"Impressum &#038; Datenschutz"},"content":{"rendered":"<div class=\"row\">\n<div class=\"col-xs-12 col-sm-8\">\n<h1>Impressum<\/h1>\n<\/div>\n<\/div>\n<div class=\"row\">\n<div id=\"content\" class=\"col-xs-12 col-sm-8\">\n<p>Deutscher Alpenverein Sektion Murnau e.V.<br \/>Seidlstr.14<br \/>82418 Murnau<\/p>\n<address>Tel.: 08841\/1436<\/address><address>Fax: 08841 \/ 629993<\/address><address>E-Mail:\u00a0<a href=\"mailto:info@dav-murnau\">info@dav-murnau.de<\/a><\/address>\n<p>Eingetragen im Vereinsregister des Amtsgerichtes M\u00fcnchen: VR50156<\/p>\n<p><strong>Steuernummer<\/strong>: 119\/107\/60264<\/p>\n<p><strong>1.Vorsitzende:<br \/><\/strong>Hedwig V\u00f6gele<\/p>\n<p><strong>Verantwortlich\u00a0i. S. d \u00a7\u00a055\u00a0RStV und \u00a7\u00a05\u00a0TMG:<br \/><\/strong>Hedwig V\u00f6gele<br \/><strong><br \/><\/strong><\/p>\n<p><strong>Verantwortlich im Vorstand:<\/strong><br \/>Hedwig V\u00f6gele<\/p>\n<p>\u00a0<\/p>\n<h3><strong>Haftungshinweis:<br \/><\/strong><\/h3>\n<p><strong>Allgemein<\/strong><br \/>Es wurde alle Sorgfalt aufgewendet, die Richtigkeit der Angaben auf diesen Internetseiten sicher zu stellen. Eventuelle Fehler sind dennoch nicht auszuschlie\u00dfen. F\u00fcr entsprechende Hinweise sind wir Ihnen dankbar.<\/p>\n<p>\u00a0<\/p>\n<p><strong>Verwendete Hyperlinks<br \/><\/strong>Die Sektion Murnau des Deutschen Alpenvereins e.V. bietet Links zu anderen Seiten im Internet, bei denen keinerlei Einfluss auf Gestaltung und Inhalt der verlinkten Seiten besteht. Deshalb distanziert sich die Sektion Murnau des Deutschen Alpenvereins e.V. ausdr\u00fccklich von s\u00e4mtlichen Inhalten aller verlinkten Seiten und macht sich deren Inhalte nicht zu eigen. Diese Erkl\u00e4rung gilt f\u00fcr alle in der Website verwendeten Links und f\u00fcr alle Inhalte der Seiten.<\/p>\n<p>\u00a0<\/p>\n<p><strong>Haftungsausschluss<\/strong><br \/>Alle enthaltenen Informationen wirden mit gr\u00f6\u00dftm\u00f6glicher Sorgfalt kontrolliert. Die Sektion Murnau des Deutschen Alpenvereins e.V. kann trotzdem nicht f\u00fcr Sch\u00e4den haftbar gemacht werden, die im Zusammenhang mit der Verwendung dieser Inhalte entstehen k\u00f6nnten. F\u00fcr die Richtigkeit und Vollst\u00e4ndigkeit der durch Hyperlinks \/ \u201eLinks\u201c vermittelten sowie der Informationen auf dieser Website wird keine Gew\u00e4hr \u00fcbernommen.<\/p>\n<p>\u00a0<\/p>\n<p><strong>Copyright<\/strong>\u00a0by Sektion Murnau des Deutschen Alpenvereins e.V.<br \/>S\u00e4mtliche Inhalte der Website d\u00fcrfen nur nach vorherhiger schriftlicher Freigabe verwendet werden.<\/p>\n<p>Datenschutzerkl\u00e4rung der Sektion Murnau des Deutschen Alpenvereins e.V.<\/p>\n<\/div>\n<\/div>\n\n\n<h1 class=\"wp-block-heading\">Datenschutz<\/h1>\n\n\n\n<h2 class=\"wp-block-heading\"><strong>Vorbemerkung<\/strong><\/h2>\n\n\n\n<p>Im Folgenden wird die<br><br><strong>Sektion Murnau<br>des Deutschen Alpenvereins<br>Seidlstr. 14<br>82418 Murnau<\/strong><\/p>\n\n\n\n<p>vertreten durch<strong> Frau Hedwig V\u00f6gele<\/strong><\/p>\n\n\n\n<p>als <strong>verantwortliche Stelle<\/strong> bezeichnet.<\/p>\n\n\n\n<h2 class=\"wp-block-heading\"><strong>Datenschutzerkl\u00e4rung<\/strong><\/h2>\n\n\n\n<p>Wir freuen uns sehr \u00fcber Ihr Interesse an unserem Verein. Datenschutz hat einen besonders hohen Stellenwert f\u00fcr die <strong>verantwortliche Stelle. <\/strong>Eine Nutzung der Internetseiten der <strong>verantwortlichen Stelle<\/strong>\n ist grunds\u00e4tzlich ohne jede Angabe personenbezogener Daten m\u00f6glich. \nSofern eine betroffene Person besondere Services unseres Vereins \u00fcber \nunsere Internetseite in Anspruch nehmen m\u00f6chte, k\u00f6nnte jedoch eine \nVerarbeitung personenbezogener Daten erforderlich werden. Ist die \nVerarbeitung personenbezogener Daten erforderlich und besteht f\u00fcr eine \nsolche Verarbeitung keine gesetzliche Grundlage, holen wir generell eine\n Einwilligung der betroffenen Person ein.<\/p>\n\n\n\n<p>Die Verarbeitung personenbezogener Daten, beispielsweise des Namens, \nder Anschrift, E-Mail-Adresse oder Telefonnummer einer betroffenen \nPerson, erfolgt stets im Einklang mit der Datenschutz-Grundverordnung \nund in \u00dcbereinstimmung mit den f\u00fcr die <strong>verantwortliche Stelle<\/strong>\n geltenden landesspezifischen Datenschutzbestimmungen. Mittels dieser \nDatenschutzerkl\u00e4rung m\u00f6chte unser Verein die \u00d6ffentlichkeit \u00fcber Art, \nUmfang und Zweck der von uns erhobenen, genutzten und verarbeiteten \npersonenbezogenen Daten informieren. Ferner werden betroffene Personen \nmittels dieser Datenschutzerkl\u00e4rung \u00fcber die ihnen zustehenden Rechte \naufgekl\u00e4rt.<\/p>\n\n\n\n<p>Die <strong>verantwortliche Stelle <\/strong>hat als f\u00fcr die \nVerarbeitung Verantwortlicher zahlreiche technische und organisatorische\n Ma\u00dfnahmen umgesetzt, um einen m\u00f6glichst l\u00fcckenlosen Schutz der \u00fcber \ndiese Internetseite verarbeiteten personenbezogenen Daten \nsicherzustellen. Dennoch k\u00f6nnen Internetbasierte Daten\u00fcbertragungen \ngrunds\u00e4tzlich Sicherheitsl\u00fccken aufweisen, sodass ein absoluter Schutz \nnicht gew\u00e4hrleistet werden kann. Aus diesem Grund steht es jeder \nbetroffenen Person frei, personenbezogene Daten auch auf alternativen \nWegen, beispielsweise telefonisch, an uns zu \u00fcbermitteln.<\/p>\n\n\n\n<p><strong>1. Begriffsbestimmungen<\/strong><\/p>\n\n\n\n<p>Die Datenschutzerkl\u00e4rung der <strong>verantwortlichen Stelle<\/strong>\n beruht auf den Begrifflichkeiten, die durch den Europ\u00e4ischen \nRichtlinien- und Verordnungsgeber beim Erlass der \nDatenschutz-Grundverordnung (DS-GVO) verwendet wurden. Unsere \nDatenschutzerkl\u00e4rung soll sowohl f\u00fcr die \u00d6ffentlichkeit als auch f\u00fcr \nunsere Kunden und Gesch\u00e4ftspartner einfach lesbar und verst\u00e4ndlich sein.\n Um dies zu gew\u00e4hrleisten, m\u00f6chten wir vorab die verwendeten \nBegrifflichkeiten erl\u00e4utern.<\/p>\n\n\n\n<p>Wir verwenden in dieser Datenschutzerkl\u00e4rung unter anderem die folgenden Begriffe:<\/p>\n\n\n\n<ul class=\"wp-block-list\"><li>a)&nbsp;&nbsp;&nbsp; personenbezogene Daten<br>Personenbezogene Daten sind alle \nInformationen, die sich auf eine identifizierte oder identifizierbare \nnat\u00fcrliche Person (im Folgenden \u201ebetroffene Person\u201c) beziehen. Als \nidentifizierbar wird eine nat\u00fcrliche Person angesehen, die direkt oder \nindirekt, insbesondere mittels Zuordnung zu einer Kennung wie einem \nNamen, zu einer Kennnummer, zu Standortdaten, zu einer Online-Kennung \noder zu einem oder mehreren besonderen Merkmalen, die Ausdruck der \nphysischen, physiologischen, genetischen, psychischen, wirtschaftlichen,\n kulturellen oder sozialen Identit\u00e4t dieser nat\u00fcrlichen Person sind, \nidentifiziert werden kann.<\/li><li>b)&nbsp;&nbsp;&nbsp; betroffene Person<br>Betroffene Person ist jede identifizierte\n oder identifizierbare nat\u00fcrliche Person, deren personenbezogene Daten \nvon dem f\u00fcr die Verarbeitung Verantwortlichen verarbeitet werden.<\/li><li>c)&nbsp;&nbsp;&nbsp; Verarbeitung<br>Verarbeitung ist jeder mit oder ohne Hilfe \nautomatisierter Verfahren ausgef\u00fchrte Vorgang oder jede solche \nVorgangsreihe im Zusammenhang mit personenbezogenen Daten wie das \nErheben, das Erfassen, die Organisation, das Ordnen, die Speicherung, \ndie Anpassung oder Ver\u00e4nderung, das Auslesen, das Abfragen, die \nVerwendung, die Offenlegung durch \u00dcbermittlung, Verbreitung oder eine \nandere Form der Bereitstellung, den Abgleich oder die Verkn\u00fcpfung, die \nEinschr\u00e4nkung, das L\u00f6schen oder die Vernichtung.<\/li><li>d)&nbsp;&nbsp;&nbsp; Einschr\u00e4nkung der Verarbeitung<br>Einschr\u00e4nkung der \nVerarbeitung ist die Markierung gespeicherter personenbezogener Daten \nmit dem Ziel, ihre k\u00fcnftige Verarbeitung einzuschr\u00e4nken.<\/li><li>e)&nbsp;&nbsp;&nbsp; Profiling<br>Profiling ist jede Art der automatisierten \nVerarbeitung personenbezogener Daten, die darin besteht, dass diese \npersonenbezogenen Daten verwendet werden, um bestimmte pers\u00f6nliche \nAspekte, die sich auf eine nat\u00fcrliche Person beziehen, zu bewerten, \ninsbesondere, um Aspekte bez\u00fcglich Arbeitsleistung, wirtschaftlicher \nLage, Gesundheit, pers\u00f6nlicher Vorlieben, Interessen, Zuverl\u00e4ssigkeit, \nVerhalten, Aufenthaltsort oder Ortswechsel dieser nat\u00fcrlichen Person zu \nanalysieren oder vorherzusagen.<\/li><li>f)&nbsp;&nbsp;&nbsp;&nbsp; Pseudonymisierung<br>Pseudonymisierung ist die Verarbeitung \npersonenbezogener Daten in einer Weise, auf welche die personenbezogenen\n Daten ohne Hinzuziehung zus\u00e4tzlicher Informationen nicht mehr einer \nspezifischen betroffenen Person zugeordnet werden k\u00f6nnen, sofern diese \nzus\u00e4tzlichen Informationen gesondert aufbewahrt werden und technischen \nund organisatorischen Ma\u00dfnahmen unterliegen, die gew\u00e4hrleisten, dass die\n personenbezogenen Daten nicht einer identifizierten oder \nidentifizierbaren nat\u00fcrlichen Person zugewiesen werden.<\/li><li>g)&nbsp;&nbsp;&nbsp; Verantwortlicher oder f\u00fcr die Verarbeitung Verantwortlicher<br>Verantwortlicher\n oder f\u00fcr die Verarbeitung Verantwortlicher ist die nat\u00fcrliche oder \njuristische Person, Beh\u00f6rde, Einrichtung oder andere Stelle, die allein \noder gemeinsam mit anderen \u00fcber die Zwecke und Mittel der Verarbeitung \nvon personenbezogenen Daten entscheidet. Sind die Zwecke und Mittel \ndieser Verarbeitung durch das Unionsrecht oder das Recht der \nMitgliedstaaten vorgegeben, so kann der Verantwortliche beziehungsweise \nk\u00f6nnen die bestimmten Kriterien seiner Benennung nach dem Unionsrecht \noder dem Recht der Mitgliedstaaten vorgesehen werden.<\/li><li>h)&nbsp;&nbsp;&nbsp; Auftragsverarbeiter<br>Auftragsverarbeiter ist eine nat\u00fcrliche\n oder juristische Person, Beh\u00f6rde, Einrichtung oder andere Stelle, die \npersonenbezogene Daten im Auftrag des Verantwortlichen verarbeitet.<\/li><li>i)&nbsp;&nbsp;&nbsp;&nbsp;&nbsp; Empf\u00e4nger<br>Empf\u00e4nger ist eine nat\u00fcrliche oder juristische \nPerson, Beh\u00f6rde, Einrichtung oder andere Stelle, der personenbezogene \nDaten offengelegt werden, unabh\u00e4ngig davon, ob es sich bei ihr um einen \nDritten handelt oder nicht. Beh\u00f6rden, die im Rahmen eines bestimmten \nUntersuchungsauftrags nach dem Unionsrecht oder dem Recht der \nMitgliedstaaten m\u00f6glicherweise personenbezogene Daten erhalten, gelten \njedoch nicht als Empf\u00e4nger.<\/li><li>j)&nbsp;&nbsp;&nbsp;&nbsp;&nbsp; Dritter<br>Dritter ist eine nat\u00fcrliche oder juristische \nPerson, Beh\u00f6rde, Einrichtung oder andere Stelle au\u00dfer der betroffenen \nPerson, dem Verantwortlichen, dem Auftragsverarbeiter und den Personen, \ndie unter der unmittelbaren Verantwortung des Verantwortlichen oder des \nAuftragsverarbeiters befugt sind, die personenbezogenen Daten zu \nverarbeiten.<\/li><li>k)&nbsp;&nbsp;&nbsp; Einwilligung<br>Einwilligung ist jede von der betroffenen \nPerson freiwillig f\u00fcr den bestimmten Fall in informierter Weise und \nunmissverst\u00e4ndlich abgegebene Willensbekundung in Form einer Erkl\u00e4rung \noder einer sonstigen eindeutigen best\u00e4tigenden Handlung, mit der die \nbetroffene Person zu verstehen gibt, dass sie mit der Verarbeitung der \nsie betreffenden personenbezogenen Daten einverstanden ist.<\/li><\/ul>\n\n\n\n<p><strong>2. Name und Anschrift des f\u00fcr die Verarbeitung Verantwortlichen<\/strong><\/p>\n\n\n\n<p>Verantwortlicher im Sinne der Datenschutz-Grundverordnung, sonstiger \nin den Mitgliedstaaten der Europ\u00e4ischen Union geltenden \nDatenschutzgesetze und anderer Bestimmungen mit datenschutzrechtlichem \nCharakter ist die:<\/p>\n\n\n\n<p><strong>Deutscher Alpenverein<br>Sektion Murnau<br>Seidlstr. 14<br>82418 Murnau<br>Deutschland<\/strong><\/p>\n\n\n\n<p><strong>Tel.: 08841 1436<br>E-Mail: info@dav-murnau<br>Website: www.dav-murnau.de<br><\/strong><\/p>\n\n\n\n<p>Eingetragen im Vereinsregister des Amtsgerichtes M\u00fcnchen: VR50156<\/p>\n\n\n\n<p><strong>3. Cookies<\/strong><\/p>\n\n\n\n<p>Die Internetseiten der <strong>verantwortlichen Stelle<\/strong> \nverwenden Cookies. Cookies sind Textdateien, welche \u00fcber einen \nInternetbrowser auf einem Computersystem abgelegt und gespeichert \nwerden.<\/p>\n\n\n\n<p>Zahlreiche Internetseiten und Server verwenden Cookies. Viele Cookies\n enthalten eine sogenannte Cookie-ID. Eine Cookie-ID ist eine eindeutige\n Kennung des Cookies. Sie besteht aus einer Zeichenfolge, durch welche \nInternetseiten und Server dem konkreten Internetbrowser zugeordnet \nwerden k\u00f6nnen, in dem das Cookie gespeichert wurde. Dies erm\u00f6glicht es \nden besuchten Internetseiten und Servern, den individuellen Browser der \nbetroffenen Person von anderen Internetbrowsern, die andere Cookies \nenthalten, zu unterscheiden. Ein bestimmter Internetbrowser kann \u00fcber \ndie eindeutige Cookie-ID wiedererkannt und identifiziert werden.<\/p>\n\n\n\n<p>Durch den Einsatz von Cookies kann die <strong>verantwortliche Stelle<\/strong> den Nutzern dieser Internetseite nutzerfreundlichere Services bereitstellen, die ohne die Cookie-Setzung nicht m\u00f6glich w\u00e4ren.<\/p>\n\n\n\n<p>Mittels eines Cookies k\u00f6nnen die Informationen und Angebote auf \nunserer Internetseite im Sinne des Benutzers optimiert werden. Cookies \nerm\u00f6glichen uns, wie bereits erw\u00e4hnt, die Benutzer unserer Internetseite\n wiederzuerkennen. Zweck dieser Wiedererkennung ist es, den Nutzern die \nVerwendung unserer Internetseite zu erleichtern. Der Benutzer einer \nInternetseite, die Cookies verwendet, muss beispielsweise nicht bei \njedem Besuch der Internetseite erneut seine Zugangsdaten eingeben, weil \ndies von der Internetseite und dem auf dem Computersystem des Benutzers \nabgelegten Cookie \u00fcbernommen wird. Ein weiteres Beispiel ist das Cookie \neines Warenkorbes im Online-Shop. Der Online-Shop merkt sich die \nArtikel, die ein Kunde in den virtuellen Warenkorb gelegt hat, \u00fcber ein \nCookie.<\/p>\n\n\n\n<p>Die betroffene Person kann die Setzung von Cookies durch unsere \nInternetseite jederzeit mittels einer entsprechenden Einstellung des \ngenutzten Internetbrowsers verhindern und damit der Setzung von Cookies \ndauerhaft widersprechen. Ferner k\u00f6nnen bereits gesetzte Cookies \njederzeit \u00fcber einen Internetbrowser oder andere Softwareprogramme \ngel\u00f6scht werden. Dies ist in allen g\u00e4ngigen Internetbrowsern m\u00f6glich. \nDeaktiviert die betroffene Person die Setzung von Cookies in dem \ngenutzten Internetbrowser, sind unter Umst\u00e4nden nicht alle Funktionen \nunserer Internetseite vollumf\u00e4nglich nutzbar.<\/p>\n\n\n\n<p><strong>4. Erfassung von allgemeinen Daten und Informationen<\/strong><\/p>\n\n\n\n<p>Die Internetseite der <strong>verantwortlichen Stelle<\/strong> \nerfasst mit jedem Aufruf der Internetseite durch eine betroffene Person \noder ein automatisiertes System eine Reihe von allgemeinen Daten und \nInformationen. Diese allgemeinen Daten und Informationen werden in den \nLogfiles des Servers gespeichert. Erfasst werden k\u00f6nnen die (1) \nverwendeten Browsertypen und Versionen, (2) das vom zugreifenden System \nverwendete Betriebssystem, (3) die Internetseite, von welcher ein \nzugreifendes System auf unsere Internetseite gelangt (sogenannte \nReferrer), (4) die Unterwebseiten, welche \u00fcber ein zugreifendes System \nauf unserer Internetseite angesteuert werden, (5) das Datum und die \nUhrzeit eines Zugriffs auf die Internetseite, (6) eine \nInternet-Protokoll-Adresse (IP-Adresse), (7) der \nInternet-Service-Provider des zugreifenden Systems und (8) sonstige \n\u00e4hnliche Daten und Informationen, die der Gefahrenabwehr im Falle von \nAngriffen auf unsere informationstechnologischen Systeme dienen.<\/p>\n\n\n\n<p>Bei der Nutzung dieser allgemeinen Daten und Informationen zieht die <strong>verantwortliche Stelle<\/strong>\n keine R\u00fcckschl\u00fcsse auf die betroffene Person. Diese Informationen \nwerden vielmehr ben\u00f6tigt, um (1) die Inhalte unserer Internetseite \nkorrekt auszuliefern, (2) die Inhalte unserer Internetseite sowie die \nWerbung f\u00fcr diese zu optimieren, (3) die dauerhafte Funktionsf\u00e4higkeit \nunserer informationstechnologischen Systeme und der Technik unserer \nInternetseite zu gew\u00e4hrleisten sowie (4) um Strafverfolgungsbeh\u00f6rden im \nFalle eines Cyberangriffes die zur Strafverfolgung notwendigen \nInformationen bereitzustellen. Diese anonym erhobenen Daten und \nInformationen werden durch die <strong>verantwortliche Stelle<\/strong> \ndaher einerseits statistisch und ferner mit dem Ziel ausgewertet, den \nDatenschutz und die Datensicherheit in unserem Verein zu erh\u00f6hen, um \nletztlich ein optimales Schutzniveau f\u00fcr die von uns verarbeiteten \npersonenbezogenen Daten sicherzustellen. Die anonymen Daten der \nServer-Logfiles werden getrennt von allen durch eine betroffene Person \nangegebenen personenbezogenen Daten gespeichert.<\/p>\n\n\n\n<p><strong>5. Kontaktm\u00f6glichkeit \u00fcber die Internetseite<\/strong><\/p>\n\n\n\n<p>Die Internetseite der <strong>verantwortlichen Stelle<\/strong> \nenth\u00e4lt aufgrund von gesetzlichen Vorschriften Angaben, die eine \nschnelle elektronische Kontaktaufnahme zu unserem Verein sowie eine \nunmittelbare Kommunikation mit uns erm\u00f6glichen, was ebenfalls eine \nallgemeine Adresse der sogenannten elektronischen Post (E-Mail-Adresse) \numfasst. Sofern eine betroffene Person per E-Mail oder \u00fcber ein \nKontaktformular den Kontakt mit dem f\u00fcr die Verarbeitung \nVerantwortlichen aufnimmt, werden die von der betroffenen Person \n\u00fcbermittelten personenbezogenen Daten automatisch gespeichert. Solche \nauf freiwilliger Basis von einer betroffenen Person an den f\u00fcr die \nVerarbeitung Verantwortlichen \u00fcbermittelten personenbezogenen Daten \nwerden f\u00fcr Zwecke der Bearbeitung oder der Kontaktaufnahme zur \nbetroffenen Person gespeichert. Es erfolgt keine Weitergabe dieser \npersonenbezogenen Daten an Dritte.<\/p>\n\n\n\n<p><strong>6. Routinem\u00e4\u00dfige L\u00f6schung und Sperrung von personenbezogenen Daten<\/strong><\/p>\n\n\n\n<p>Der f\u00fcr die Verarbeitung Verantwortliche verarbeitet und speichert \npersonenbezogene Daten der betroffenen Person nur f\u00fcr den Zeitraum, der \nzur Erreichung des Speicherungszwecks erforderlich ist oder sofern dies \ndurch den Europ\u00e4ischen Richtlinien- und Verordnungsgeber oder einen \nanderen Gesetzgeber in Gesetzen oder Vorschriften, welchen der f\u00fcr die \nVerarbeitung Verantwortliche unterliegt, vorgesehen wurde.<\/p>\n\n\n\n<p>Entf\u00e4llt der Speicherungszweck oder l\u00e4uft eine vom Europ\u00e4ischen \nRichtlinien- und Verordnungsgeber oder einem anderen zust\u00e4ndigen \nGesetzgeber vorgeschriebene Speicherfrist ab, werden die \npersonenbezogenen Daten routinem\u00e4\u00dfig und entsprechend den gesetzlichen \nVorschriften gesperrt oder gel\u00f6scht.<\/p>\n\n\n\n<p><strong>7. Rechte der betroffenen Person<\/strong><\/p>\n\n\n\n<ul class=\"wp-block-list\"><li>a)&nbsp;&nbsp;&nbsp; Recht auf Best\u00e4tigung<br>Jede betroffene Person hat das vom \nEurop\u00e4ischen Richtlinien- und Verordnungsgeber einger\u00e4umte Recht, von \ndem f\u00fcr die Verarbeitung Verantwortlichen eine Best\u00e4tigung dar\u00fcber zu \nverlangen, ob sie betreffende personenbezogene Daten verarbeitet werden.\n M\u00f6chte eine betroffene Person dieses Best\u00e4tigungsrecht in Anspruch \nnehmen, kann sie sich hierzu jederzeit an einen Mitarbeiter des f\u00fcr die \nVerarbeitung Verantwortlichen wenden.<\/li><li>b)&nbsp;&nbsp;&nbsp; Recht auf Auskunft<br>Jede von der Verarbeitung \npersonenbezogener Daten betroffene Person hat das vom Europ\u00e4ischen \nRichtlinien- und Verordnungsgeber gew\u00e4hrte Recht, jederzeit von dem f\u00fcr \ndie Verarbeitung Verantwortlichen unentgeltliche Auskunft \u00fcber die zu \nseiner Person gespeicherten personenbezogenen Daten und eine Kopie \ndieser Auskunft zu erhalten. Ferner hat der Europ\u00e4ische Richtlinien- und\n Verordnungsgeber der betroffenen Person Auskunft \u00fcber folgende \nInformationen zugestanden:\n<ul><li>die Verarbeitungszwecke<\/li><li>die Kategorien personenbezogener Daten, die verarbeitet werden<\/li><li>die Empf\u00e4nger oder Kategorien von Empf\u00e4ngern, gegen\u00fcber denen die \npersonenbezogenen Daten offengelegt worden sind oder noch offengelegt \nwerden, insbesondere bei Empf\u00e4ngern in Drittl\u00e4ndern oder bei \ninternationalen Organisationen<\/li><li>falls m\u00f6glich die geplante Dauer, f\u00fcr die die personenbezogenen \nDaten gespeichert werden, oder, falls dies nicht m\u00f6glich ist, die \nKriterien f\u00fcr die Festlegung dieser Dauer<\/li><li>das Bestehen eines Rechts auf Berichtigung oder L\u00f6schung der sie \nbetreffenden personenbezogenen Daten oder auf Einschr\u00e4nkung der \nVerarbeitung durch den Verantwortlichen oder eines Widerspruchsrechts \ngegen diese Verarbeitung<\/li><li>das Bestehen eines Beschwerderechts bei einer Aufsichtsbeh\u00f6rde<\/li><li>wenn die personenbezogenen Daten nicht bei der betroffenen Person \nerhoben werden: Alle verf\u00fcgbaren Informationen \u00fcber die Herkunft der \nDaten<\/li><li>das Bestehen einer automatisierten Entscheidungsfindung \neinschlie\u00dflich Profiling gem\u00e4\u00df Artikel 22 Abs.1 und 4 DS-GVO und \u2014 \nzumindest in diesen F\u00e4llen \u2014 aussagekr\u00e4ftige Informationen \u00fcber die \ninvolvierte Logik sowie die Tragweite und die angestrebten Auswirkungen \neiner derartigen Verarbeitung f\u00fcr die betroffene Person<br>Ferner steht \nder betroffenen Person ein Auskunftsrecht dar\u00fcber zu, ob \npersonenbezogene Daten an ein Drittland oder an eine internationale \nOrganisation \u00fcbermittelt wurden. Sofern dies der Fall ist, so steht der \nbetroffenen Person im \u00dcbrigen das Recht zu, Auskunft \u00fcber die geeigneten\n Garantien im Zusammenhang mit der \u00dcbermittlung zu erhalten.<br>M\u00f6chte \neine betroffene Person dieses Auskunftsrecht in Anspruch nehmen, kann \nsie sich hierzu jederzeit an einen Mitarbeiter des f\u00fcr die Verarbeitung \nVerantwortlichen wenden. &nbsp;<\/li><\/ul>\n<\/li><li>c)&nbsp;&nbsp;&nbsp; Recht auf Berichtigung<br>Jede von der Verarbeitung \npersonenbezogener Daten betroffene Person hat das vom Europ\u00e4ischen \nRichtlinien- und Verordnungsgeber gew\u00e4hrte Recht, die unverz\u00fcgliche \nBerichtigung sie betreffender unrichtiger personenbezogener Daten zu \nverlangen. Ferner steht der betroffenen Person das Recht zu, unter \nBer\u00fccksichtigung der Zwecke der Verarbeitung, die Vervollst\u00e4ndigung \nunvollst\u00e4ndiger personenbezogener Daten \u2014 auch mittels einer erg\u00e4nzenden\n Erkl\u00e4rung \u2014 zu verlangen.<br>M\u00f6chte eine betroffene Person dieses \nBerichtigungsrecht in Anspruch nehmen, kann sie sich hierzu jederzeit an\n einen Mitarbeiter des f\u00fcr die Verarbeitung Verantwortlichen wenden.<\/li><li>d)&nbsp;&nbsp;&nbsp; Recht auf L\u00f6schung (Recht auf Vergessen werden)<br>Jede von \nder Verarbeitung personenbezogener Daten betroffene Person hat das vom \nEurop\u00e4ischen Richtlinien- und Verordnungsgeber gew\u00e4hrte Recht, von dem \nVerantwortlichen zu verlangen, dass die sie betreffenden \npersonenbezogenen Daten unverz\u00fcglich gel\u00f6scht werden, sofern einer der \nfolgenden Gr\u00fcnde zutrifft und soweit die Verarbeitung nicht erforderlich\n ist:\n<ul><li>Die personenbezogenen Daten wurden f\u00fcr solche Zwecke erhoben oder \nauf sonstige Weise verarbeitet, f\u00fcr welche sie nicht mehr notwendig \nsind.<\/li><li>Die betroffene Person widerruft ihre Einwilligung, auf die sich die \nVerarbeitung gem\u00e4\u00df Art. 6 Abs. 1 Buchstabe a DS-GVO oder Art. 9 Abs. 2 \nBuchstabe a DS-GVO st\u00fctzte, und es fehlt an einer anderweitigen \nRechtsgrundlage f\u00fcr die Verarbeitung.<\/li><li>Die betroffene Person legt gem\u00e4\u00df Art. 21 Abs. 1 DS-GVO Widerspruch \ngegen die Verarbeitung ein, und es liegen keine vorrangigen berechtigten\n Gr\u00fcnde f\u00fcr die Verarbeitung vor, oder die betroffene Person legt gem\u00e4\u00df \nArt. 21 Abs. 2 DS-GVO Widerspruch gegen die Verarbeitung ein.<\/li><li>Die personenbezogenen Daten wurden unrechtm\u00e4\u00dfig verarbeitet.<\/li><li>Die L\u00f6schung der personenbezogenen Daten ist zur Erf\u00fcllung einer \nrechtlichen Verpflichtung nach dem Unionsrecht oder dem Recht der \nMitgliedstaaten erforderlich, dem der Verantwortliche unterliegt.<\/li><li>Die personenbezogenen Daten wurden in Bezug auf angebotene Dienste \nder Informationsgesellschaft gem\u00e4\u00df Art. 8 Abs. 1 DS-GVO erhoben.<br>Sofern\n einer der oben genannten Gr\u00fcnde zutrifft und eine betroffene Person die\n L\u00f6schung von personenbezogenen Daten, die bei der <strong>verantwortlichen Stelle<\/strong>\n gespeichert sind, veranlassen m\u00f6chte, kann sie sich hierzu jederzeit an\n einen Mitarbeiter des f\u00fcr die Verarbeitung Verantwortlichen wenden. Der\n Mitarbeiter der <strong>verantwortlichen Stelle<\/strong> wird veranlassen, dass dem L\u00f6schverlangen unverz\u00fcglich nachgekommen wird.<br>Wurden die personenbezogenen Daten von der <strong>verantwortlichen Stelle<\/strong>\n \u00f6ffentlich gemacht und ist unser Verein als Verantwortlicher gem\u00e4\u00df Art.\n 17 Abs. 1 DS-GVO zur L\u00f6schung der personenbezogenen Daten verpflichtet,\n so trifft die <strong>verantwortliche Stelle<\/strong> unter \nBer\u00fccksichtigung der verf\u00fcgbaren Technologie und der \nImplementierungskosten angemessene Ma\u00dfnahmen, auch technischer Art, um \nandere f\u00fcr die Datenverarbeitung Verantwortliche, welche die \nver\u00f6ffentlichten personenbezogenen Daten verarbeiten, dar\u00fcber in \nKenntnis zu setzen, dass die betroffene Person von diesen anderen f\u00fcr \ndie Datenverarbeitung Verantwortlichen die L\u00f6schung s\u00e4mtlicher Links zu \ndiesen personenbezogenen Daten oder von Kopien oder Replikationen dieser\n personenbezogenen Daten verlangt hat, soweit die Verarbeitung nicht \nerforderlich ist. Der Mitarbeiter der <strong>verantwortlichen Stelle<\/strong> wird im Einzelfall das Notwendige veranlassen.<br>&nbsp;<\/li><\/ul>\n<\/li><li>e)&nbsp;&nbsp;&nbsp; Recht auf Einschr\u00e4nkung der Verarbeitung<br>Jede von der \nVerarbeitung personenbezogener Daten betroffene Person hat das vom \nEurop\u00e4ischen Richtlinien- und Verordnungsgeber gew\u00e4hrte Recht, von dem \nVerantwortlichen die Einschr\u00e4nkung der Verarbeitung zu verlangen, wenn \neine der folgenden Voraussetzungen gegeben ist:\n<ul><li>Die Richtigkeit der personenbezogenen Daten wird von der betroffenen\n Person bestritten, und zwar f\u00fcr eine Dauer, die es dem Verantwortlichen\n erm\u00f6glicht, die Richtigkeit der personenbezogenen Daten zu \u00fcberpr\u00fcfen.<\/li><li>Die Verarbeitung ist unrechtm\u00e4\u00dfig, die betroffene Person lehnt die \nL\u00f6schung der personenbezogenen Daten ab und verlangt stattdessen die \nEinschr\u00e4nkung der Nutzung der personenbezogenen Daten.<\/li><li>Der Verantwortliche ben\u00f6tigt die personenbezogenen Daten f\u00fcr die \nZwecke der Verarbeitung nicht l\u00e4nger, die betroffene Person ben\u00f6tigt sie\n jedoch zur Geltendmachung, Aus\u00fcbung oder Verteidigung von \nRechtsanspr\u00fcchen.<\/li><li>Die betroffene Person hat Widerspruch gegen die Verarbeitung gem. \nArt. 21 Abs. 1 DS-GVO eingelegt und es steht noch nicht fest, ob die \nberechtigten Gr\u00fcnde des Verantwortlichen gegen\u00fcber denen der betroffenen\n Person \u00fcberwiegen.<br>Sofern eine der oben genannten Voraussetzungen \ngegeben ist und eine betroffene Person die Einschr\u00e4nkung von \npersonenbezogenen Daten, die bei der <strong>verantwortlichen Stelle<\/strong>\n gespeichert sind, verlangen m\u00f6chte, kann sie sich hierzu jederzeit an \neinen Mitarbeiter des f\u00fcr die Verarbeitung Verantwortlichen wenden. Der \nMitarbeiter der <strong>verantwortlichen Stelle<\/strong> wird die Einschr\u00e4nkung der Verarbeitung veranlassen. &nbsp;<\/li><\/ul>\n<\/li><li>f)&nbsp;&nbsp;&nbsp;&nbsp; Recht auf Daten\u00fcbertragbarkeit<br>Jede von der Verarbeitung \npersonenbezogener Daten betroffene Person hat das vom Europ\u00e4ischen \nRichtlinien- und Verordnungsgeber gew\u00e4hrte Recht, die sie betreffenden \npersonenbezogenen Daten, welche durch die betroffene Person einem \nVerantwortlichen bereitgestellt wurden, in einem strukturierten, \ng\u00e4ngigen und maschinenlesbaren Format zu erhalten. Sie hat au\u00dferdem das \nRecht, diese Daten einem anderen Verantwortlichen ohne Behinderung durch\n den Verantwortlichen, dem die personenbezogenen Daten bereitgestellt \nwurden, zu \u00fcbermitteln, sofern die Verarbeitung auf der Einwilligung \ngem\u00e4\u00df Art. 6 Abs. 1 Buchstabe a DS-GVO oder Art. 9 Abs. 2 Buchstabe a \nDS-GVO oder auf einem Vertrag gem\u00e4\u00df Art. 6 Abs. 1 Buchstabe b DS-GVO \nberuht und die Verarbeitung mithilfe automatisierter Verfahren erfolgt, \nsofern die Verarbeitung nicht f\u00fcr die Wahrnehmung einer Aufgabe \nerforderlich ist, die im \u00f6ffentlichen Interesse liegt oder in Aus\u00fcbung \n\u00f6ffentlicher Gewalt erfolgt, welche dem Verantwortlichen \u00fcbertragen \nwurde.<br>Ferner hat die betroffene Person bei der Aus\u00fcbung ihres Rechts\n auf Daten\u00fcbertragbarkeit gem\u00e4\u00df Art. 20 Abs. 1 DS-GVO das Recht, zu \nerwirken, dass die personenbezogenen Daten direkt von einem \nVerantwortlichen an einen anderen Verantwortlichen \u00fcbermittelt werden, \nsoweit dies technisch machbar ist und sofern hiervon nicht die Rechte \nund Freiheiten anderer Personen beeintr\u00e4chtigt werden.<br>Zur \nGeltendmachung des Rechts auf Daten\u00fcbertragbarkeit kann sich die \nbetroffene Person jederzeit an einen Mitarbeiter der Hasmiller \nDatentechnik Gregor Hasmiller, Ernst M\u00fcller GbR wenden.<\/li><li>g)&nbsp;&nbsp;&nbsp; Recht auf Widerspruch<br>Jede von der Verarbeitung \npersonenbezogener Daten betroffene Person hat das vom Europ\u00e4ischen \nRichtlinien- und Verordnungsgeber gew\u00e4hrte Recht, aus Gr\u00fcnden, die sich \naus ihrer besonderen Situation ergeben, jederzeit gegen die Verarbeitung\n sie betreffender personenbezogener Daten, die aufgrund von Art. 6 Abs. 1\n Buchstaben e oder f DS-GVO erfolgt, Widerspruch einzulegen. Dies gilt \nauch f\u00fcr ein auf diese Bestimmungen gest\u00fctztes Profiling.<br>Die <strong>verantwortliche Stelle<\/strong>\n verarbeitet die personenbezogenen Daten im Falle des Widerspruchs nicht\n mehr, es sei denn, wir k\u00f6nnen zwingende schutzw\u00fcrdige Gr\u00fcnde f\u00fcr die \nVerarbeitung nachweisen, die den Interessen, Rechten und Freiheiten der \nbetroffenen Person \u00fcberwiegen, oder die Verarbeitung dient der \nGeltendmachung, Aus\u00fcbung oder Verteidigung von Rechtsanspr\u00fcchen.<br>Verarbeitet die <strong>verantwortliche Stelle<\/strong>\n personenbezogene Daten, um Direktwerbung zu betreiben, so hat die \nbetroffene Person das Recht, jederzeit Widerspruch gegen die \nVerarbeitung der personenbezogenen Daten zum Zwecke derartiger Werbung \neinzulegen. Dies gilt auch f\u00fcr das Profiling, soweit es mit solcher \nDirektwerbung in Verbindung steht. Widerspricht die betroffene Person \ngegen\u00fcber der <strong>verantwortlichen Stelle<\/strong> der Verarbeitung f\u00fcr Zwecke der Direktwerbung, so wird die <strong>verantwortliche Stelle<\/strong> die personenbezogenen Daten nicht mehr f\u00fcr diese Zwecke verarbeiten.<br>Zudem\n hat die betroffene Person das Recht, aus Gr\u00fcnden, die sich aus ihrer \nbesonderen Situation ergeben, gegen die sie betreffende Verarbeitung \npersonenbezogener Daten, die bei der <strong>verantwortlichen Stelle<\/strong>\n zu wissenschaftlichen oder historischen Forschungszwecken oder zu \nstatistischen Zwecken gem\u00e4\u00df Art. 89 Abs. 1 DS-GVO erfolgen, Widerspruch \neinzulegen, es sei denn, eine solche Verarbeitung ist zur Erf\u00fcllung \neiner im \u00f6ffentlichen Interesse liegenden Aufgabe erforderlich.<br>Zur Aus\u00fcbung des Rechts auf Widerspruch kann sich die betroffene Person direkt jeden Mitarbeiter der <strong>verantwortlichen Stelle<\/strong>\n oder einen anderen Mitarbeiter wenden. Der betroffenen Person steht es \nferner frei, im Zusammenhang mit der Nutzung von Diensten der \nInformationsgesellschaft, ungeachtet der Richtlinie 2002\/58\/EG, ihr \nWiderspruchsrecht mittels automatisierter Verfahren auszu\u00fcben, bei denen\n technische Spezifikationen verwendet werden.<\/li><li>h)&nbsp;&nbsp;&nbsp; Automatisierte Entscheidungen im Einzelfall einschlie\u00dflich Profiling<br>Jede\n von der Verarbeitung personenbezogener Daten betroffene Person hat das \nvom Europ\u00e4ischen Richtlinien- und Verordnungsgeber gew\u00e4hrte Recht, nicht\n einer ausschlie\u00dflich auf einer automatisierten Verarbeitung \u2014 \neinschlie\u00dflich Profiling \u2014 beruhenden Entscheidung unterworfen zu \nwerden, die ihr gegen\u00fcber rechtliche Wirkung entfaltet oder sie in \n\u00e4hnlicher Weise erheblich beeintr\u00e4chtigt, sofern die Entscheidung (1) \nnicht f\u00fcr den Abschluss oder die Erf\u00fcllung eines Vertrags zwischen der \nbetroffenen Person und dem Verantwortlichen erforderlich ist, oder (2) \naufgrund von Rechtsvorschriften der Union oder der Mitgliedstaaten, \ndenen der Verantwortliche unterliegt, zul\u00e4ssig ist und diese \nRechtsvorschriften angemessene Ma\u00dfnahmen zur Wahrung der Rechte und \nFreiheiten sowie der berechtigten Interessen der betroffenen Person \nenthalten oder (3) mit ausdr\u00fccklicher Einwilligung der betroffenen \nPerson erfolgt.<br>Ist die Entscheidung (1) f\u00fcr den Abschluss oder die \nErf\u00fcllung eines Vertrags zwischen der betroffenen Person und dem \nVerantwortlichen erforderlich oder (2) erfolgt sie mit ausdr\u00fccklicher \nEinwilligung der betroffenen Person, trifft die <strong>verantwortliche Stelle<\/strong>\n angemessene Ma\u00dfnahmen, um die Rechte und Freiheiten sowie die \nberechtigten Interessen der betroffenen Person zu wahren, wozu \nmindestens das Recht auf Erwirkung des Eingreifens einer Person seitens \ndes Verantwortlichen, auf Darlegung des eigenen Standpunkts und auf \nAnfechtung der Entscheidung geh\u00f6rt.<br>M\u00f6chte die betroffene Person \nRechte mit Bezug auf automatisierte Entscheidungen geltend machen, kann \nsie sich hierzu jederzeit an einen Mitarbeiter des f\u00fcr die Verarbeitung \nVerantwortlichen wenden.<\/li><li>i)&nbsp;&nbsp;&nbsp;&nbsp;&nbsp; Recht auf Widerruf einer datenschutzrechtlichen Einwilligung<br>Jede\n von der Verarbeitung personenbezogener Daten betroffene Person hat das \nvom Europ\u00e4ischen Richtlinien- und Verordnungsgeber gew\u00e4hrte Recht, eine \nEinwilligung zur Verarbeitung personenbezogener Daten jederzeit zu \nwiderrufen.<br>M\u00f6chte die betroffene Person ihr Recht auf Widerruf einer\n Einwilligung geltend machen, kann sie sich hierzu jederzeit an einen \nMitarbeiter des f\u00fcr die Verarbeitung Verantwortlichen wenden.<\/li><\/ul>\n\n\n\n<p><strong>8. Datenschutzbestimmungen zu Einsatz und Verwendung von Google Analytics (mit Anonymisierungsfunktion)<\/strong><\/p>\n\n\n\n<p>Der f\u00fcr die Verarbeitung Verantwortliche hat auf dieser Internetseite\n die Komponente Google Analytics (mit Anonymisierungsfunktion) \nintegriert. Google Analytics ist ein Web-Analyse-Dienst. Web-Analyse ist\n die Erhebung, Sammlung und Auswertung von Daten \u00fcber das Verhalten von \nBesuchern von Internetseiten. Ein Web-Analyse-Dienst erfasst unter \nanderem Daten dar\u00fcber, von welcher Internetseite eine betroffene Person \nauf eine Internetseite gekommen ist (sogenannte Referrer), auf welche \nUnterseiten der Internetseite zugegriffen oder wie oft und f\u00fcr welche \nVerweildauer eine Unterseite betrachtet wurde. Eine Web-Analyse wird \n\u00fcberwiegend zur Optimierung einer Internetseite und zur \nKosten-Nutzen-Analyse von Internetwerbung eingesetzt.<\/p>\n\n\n\n<p>Betreibergesellschaft der Google-Analytics-Komponente ist die Google \nInc., 1600 Amphitheatre Pkwy, Mountain View, CA 94043-1351, USA.<\/p>\n\n\n\n<p>Der f\u00fcr die Verarbeitung Verantwortliche verwendet f\u00fcr die \nWeb-Analyse \u00fcber Google Analytics den Zusatz \u201e_gat._anonymizeIp\u201c. \nMittels dieses Zusatzes wird die IP-Adresse des Internetanschlusses der \nbetroffenen Person von Google gek\u00fcrzt und anonymisiert, wenn der Zugriff\n auf unsere Internetseiten aus einem Mitgliedstaat der Europ\u00e4ischen \nUnion oder aus einem anderen Vertragsstaat des Abkommens \u00fcber den \nEurop\u00e4ischen Wirtschaftsraum erfolgt.<\/p>\n\n\n\n<p>Der Zweck der Google-Analytics-Komponente ist die Analyse der \nBesucherstr\u00f6me auf unserer Internetseite. Google nutzt die gewonnenen \nDaten und Informationen unter anderem dazu, die Nutzung unserer \nInternetseite auszuwerten, um f\u00fcr uns Online-Reports, welche die \nAktivit\u00e4ten auf unseren Internetseiten aufzeigen, zusammenzustellen, und\n um weitere mit der Nutzung unserer Internetseite in Verbindung stehende\n Dienstleistungen zu erbringen.<\/p>\n\n\n\n<p>Google Analytics setzt ein Cookie auf dem informationstechnologischen\n System der betroffenen Person. Was Cookies sind, wurde oben bereits \nerl\u00e4utert. Mit Setzung des Cookies wird Google eine Analyse der \nBenutzung unserer Internetseite erm\u00f6glicht. Durch jeden Aufruf einer der\n Einzelseiten dieser Internetseite, die durch den f\u00fcr die Verarbeitung \nVerantwortlichen betrieben wird und auf welcher eine \nGoogle-Analytics-Komponente integriert wurde, wird der Internetbrowser \nauf dem informationstechnologischen System der betroffenen Person \nautomatisch durch die jeweilige Google-Analytics-Komponente veranlasst, \nDaten zum Zwecke der Online-Analyse an Google zu \u00fcbermitteln. Im Rahmen \ndieses technischen Verfahrens erh\u00e4lt Google Kenntnis \u00fcber \npersonenbezogene Daten, wie der IP-Adresse der betroffenen Person, die \nGoogle unter anderem dazu dienen, die Herkunft der Besucher und Klicks \nnachzuvollziehen und in der Folge Provisionsabrechnungen zu erm\u00f6glichen.<\/p>\n\n\n\n<p>Mittels des Cookies werden personenbezogene Informationen, \nbeispielsweise die Zugriffszeit, der Ort, von welchem ein Zugriff \nausging und die H\u00e4ufigkeit der Besuche unserer Internetseite durch die \nbetroffene Person, gespeichert. Bei jedem Besuch unserer Internetseiten \nwerden diese personenbezogenen Daten, einschlie\u00dflich der IP-Adresse des \nvon der betroffenen Person genutzten Internetanschlusses, an Google in \nden Vereinigten Staaten von Amerika \u00fcbertragen. Diese personenbezogenen \nDaten werden durch Google in den Vereinigten Staaten von Amerika \ngespeichert. Google gibt diese \u00fcber das technische Verfahren erhobenen \npersonenbezogenen Daten unter Umst\u00e4nden an Dritte weiter.<\/p>\n\n\n\n<p>Die betroffene Person kann die Setzung von Cookies durch unsere \nInternetseite, wie oben bereits dargestellt, jederzeit mittels einer \nentsprechenden Einstellung des genutzten Internetbrowsers verhindern und\n damit der Setzung von Cookies dauerhaft widersprechen. Eine solche \nEinstellung des genutzten Internetbrowsers w\u00fcrde auch verhindern, dass \nGoogle ein Cookie auf dem informationstechnologischen System der \nbetroffenen Person setzt. Zudem kann ein von Google Analytics bereits \ngesetzter Cookie jederzeit \u00fcber den Internetbrowser oder andere \nSoftwareprogramme gel\u00f6scht werden.<\/p>\n\n\n\n<p>Ferner besteht f\u00fcr die betroffene Person die M\u00f6glichkeit, einer \nErfassung der durch Google Analytics erzeugten, auf eine Nutzung dieser \nInternetseite bezogenen Daten sowie der Verarbeitung dieser Daten durch \nGoogle zu widersprechen und eine solche zu verhindern. Hierzu muss die \nbetroffene Person ein Browser-Add-On unter dem Link <a href=\"https:\/\/tools.google.com\/dlpage\/gaoptout\">https:\/\/tools.google.com\/dlpage\/gaoptout<\/a>\n herunterladen und installieren. Dieses Browser-Add-On teilt Google \nAnalytics \u00fcber JavaScript mit, dass keine Daten und Informationen zu den\n Besuchen von Internetseiten an Google Analytics \u00fcbermittelt werden \nd\u00fcrfen. Die Installation des Browser-Add-Ons wird von Google als \nWiderspruch gewertet. Wird das informationstechnologische System der \nbetroffenen Person zu einem sp\u00e4teren Zeitpunkt gel\u00f6scht, formatiert oder\n neu installiert, muss durch die betroffene Person eine erneute \nInstallation des Browser-Add-Ons erfolgen, um Google Analytics zu \ndeaktivieren. Sofern das Browser-Add-On durch die betroffene Person oder\n einer anderen Person, die ihrem Machtbereich zuzurechnen ist, \ndeinstalliert oder deaktiviert wird, besteht die M\u00f6glichkeit der \nNeuinstallation oder der erneuten Aktivierung des Browser-Add-Ons.<\/p>\n\n\n\n<p>Weitere Informationen und die geltenden Datenschutzbestimmungen von Google k\u00f6nnen unter <a href=\"https:\/\/www.google.de\/intl\/de\/policies\/privacy\/\">https:\/\/www.google.de\/intl\/de\/policies\/privacy\/<\/a> und unter <a href=\"http:\/\/www.google.com\/analytics\/terms\/de.html\">https:\/\/www.google.com\/analytics\/terms\/de.html<\/a> abgerufen werden. Google Analytics wird unter diesem Link <a href=\"https:\/\/www.google.com\/intl\/de_de\/analytics\/\">https:\/\/www.google.com\/intl\/de_de\/analytics\/<\/a> genauer erl\u00e4utert.<\/p>\n\n\n\n<p><strong>9. Rechtsgrundlage der Verarbeitung<\/strong><\/p>\n\n\n\n<p>Art. 6 I lit. a DS-GVO dient unserem Verein als Rechtsgrundlage f\u00fcr \nVerarbeitungsvorg\u00e4nge, bei denen wir eine Einwilligung f\u00fcr einen \nbestimmten Verarbeitungszweck einholen. Ist die Verarbeitung \npersonenbezogener Daten zur Erf\u00fcllung eines Vertrags, dessen \nVertragspartei die betroffene Person ist, erforderlich, wie dies \nbeispielsweise bei Verarbeitungsvorg\u00e4ngen der Fall ist, die f\u00fcr eine \nLieferung von Waren oder die Erbringung einer sonstigen Leistung oder \nGegenleistung notwendig sind, so beruht die Verarbeitung auf Art. 6 I \nlit. b DS-GVO. Gleiches gilt f\u00fcr solche Verarbeitungsvorg\u00e4nge die zur \nDurchf\u00fchrung vorvertraglicher Ma\u00dfnahmen erforderlich sind, etwa in \nF\u00e4llen von Anfragen zur unseren Produkten oder Leistungen. Unterliegt \nunser Verein einer rechtlichen Verpflichtung durch welche eine \nVerarbeitung von personenbezogenen Daten erforderlich wird, wie \nbeispielsweise zur Erf\u00fcllung steuerlicher Pflichten, so basiert die \nVerarbeitung auf Art. 6 I lit. c DS-GVO. In seltenen F\u00e4llen k\u00f6nnte die \nVerarbeitung von personenbezogenen Daten erforderlich werden, um \nlebenswichtige Interessen der betroffenen Person oder einer anderen \nnat\u00fcrlichen Person zu sch\u00fctzen. Dies w\u00e4re beispielsweise der Fall, wenn \nein Besucher in unserem Betrieb verletzt werden w\u00fcrde und daraufhin sein\n Name, sein Alter, seine Krankenkassendaten oder sonstige lebenswichtige\n Informationen an einen Arzt, ein Krankenhaus oder sonstige Dritte \nweitergegeben werden m\u00fcssten. Dann w\u00fcrde die Verarbeitung auf Art. 6 I \nlit. d DS-GVO beruhen. Letztlich k\u00f6nnten Verarbeitungsvorg\u00e4nge auf Art. 6\n I lit. f DS-GVO beruhen. Auf dieser Rechtsgrundlage basieren \nVerarbeitungsvorg\u00e4nge, die von keiner der vorgenannten Rechtsgrundlagen \nerfasst werden, wenn die Verarbeitung zur Wahrung eines berechtigten \nInteresses unseres Vereins oder eines Dritten erforderlich ist, sofern \ndie Interessen, Grundrechte und Grundfreiheiten des Betroffenen nicht \n\u00fcberwiegen. Solche Verarbeitungsvorg\u00e4nge sind uns insbesondere deshalb \ngestattet, weil sie durch den Europ\u00e4ischen Gesetzgeber besonders erw\u00e4hnt\n wurden. Er vertrat insoweit die Auffassung, dass ein berechtigtes \nInteresse anzunehmen sein k\u00f6nnte, wenn die betroffene Person ein Kunde \ndes Verantwortlichen ist (Erw\u00e4gungsgrund 47 Satz 2 DS-GVO).<\/p>\n\n\n\n<p><strong>10. Berechtigte Interessen an der Verarbeitung, die von dem Verantwortlichen oder einem Dritten verfolgt werden<\/strong><\/p>\n\n\n\n<p>Basiert die Verarbeitung personenbezogener Daten auf Artikel 6 I lit.\n f DS-GVO ist unser berechtigtes Interesse die Durchf\u00fchrung unserer \nGesch\u00e4ftst\u00e4tigkeit zugunsten des Wohlergehens all unserer Mitarbeiter \nund unserer Anteilseigner.<\/p>\n\n\n\n<p><strong>11. Dauer, f\u00fcr die die personenbezogenen Daten gespeichert werden<\/strong><\/p>\n\n\n\n<p>Das Kriterium f\u00fcr die Dauer der Speicherung von personenbezogenen \nDaten ist die jeweilige gesetzliche Aufbewahrungsfrist. Nach Ablauf der \nFrist werden die entsprechenden Daten routinem\u00e4\u00dfig gel\u00f6scht, sofern sie \nnicht mehr zur Vertragserf\u00fcllung oder Vertragsanbahnung erforderlich \nsind.<\/p>\n\n\n\n<p><strong>12. Gesetzliche oder vertragliche Vorschriften zur \nBereitstellung der personenbezogenen Daten; Erforderlichkeit f\u00fcr den \nVertragsabschluss; Verpflichtung der betroffenen Person, die \npersonenbezogenen Daten bereitzustellen; m\u00f6gliche Folgen der \nNichtbereitstellung<\/strong><\/p>\n\n\n\n<p>Wir kl\u00e4ren Sie dar\u00fcber auf, dass die Bereitstellung personenbezogener\n Daten zum Teil gesetzlich vorgeschrieben ist (z.B. Steuervorschriften) \noder sich auch aus vertraglichen Regelungen (z.B. Angaben zum \nVertragspartner) ergeben kann. Mitunter kann es zu einem Vertragsschluss\n erforderlich sein, dass eine betroffene Person uns personenbezogene \nDaten zur Verf\u00fcgung stellt, die in der Folge durch uns verarbeitet \nwerden m\u00fcssen. Die betroffene Person ist beispielsweise verpflichtet uns\n personenbezogene Daten bereitzustellen, wenn unser Verein mit ihr einen\n Vertrag abschlie\u00dft. Eine Nichtbereitstellung der personenbezogenen \nDaten h\u00e4tte zur Folge, dass der Vertrag mit dem Betroffenen nicht \ngeschlossen werden k\u00f6nnte. Vor einer Bereitstellung personenbezogener \nDaten durch den Betroffenen muss sich der Betroffene an einen unserer \nMitarbeiter wenden. Unser Mitarbeiter kl\u00e4rt den Betroffenen \neinzelfallbezogen dar\u00fcber auf, ob die Bereitstellung der \npersonenbezogenen Daten gesetzlich oder vertraglich vorgeschrieben oder \nf\u00fcr den Vertragsabschluss erforderlich ist, ob eine Verpflichtung \nbesteht, die personenbezogenen Daten bereitzustellen, und welche Folgen \ndie Nichtbereitstellung der personenbezogenen Daten h\u00e4tte.<\/p>\n\n\n\n<p><strong>13. Bestehen einer automatisierten Entscheidungsfindung<\/strong><\/p>\n\n\n\n<p>Als verantwortungsbewusster Verein verzichten wir auf eine automatische Entscheidungsfindung oder ein Profiling.<\/p>\n\n\n\n<p>Diese Datenschutzerkl\u00e4rung ist eine \u00fcberarbeitete Version. <br>Als \nVorlage diente eine Datenschutzerkl\u00e4rung, die durch den \nDatenschutzerkl\u00e4rungs-Generator der DGD Deutsche Gesellschaft f\u00fcr \nDatenschutz GmbH, die als&nbsp;<a href=\"https:\/\/dg-datenschutz.de\/datenschutz-dienstleistungen\/externer-datenschutzbeauftragter\/\">Externer Datenschutzbeauftragter Hannover<\/a>&nbsp;t\u00e4tig ist, in Kooperation mit dem&nbsp;<a href=\"https:\/\/www.wbs-law.de\/it-recht\/datenschutzrecht\/\">K\u00f6lner IT- und Datenschutz Anwalt Christian Solmecke<\/a>&nbsp;erstellt.<\/p>\n","protected":false},"excerpt":{"rendered":"<p>Impressum Deutscher Alpenverein Sektion Murnau e.V.Seidlstr.1482418 Murnau Tel.: 08841\/1436 Fax: 08841 \/ 629993 E-Mail:\u00a0info@dav-murnau.de Eingetragen im Vereinsregister des Amtsgerichtes M\u00fcnchen: VR50156 Steuernummer: 119\/107\/60264 1.Vorsitzende:Hedwig V\u00f6gele Verantwortlich\u00a0i. S. d \u00a7\u00a055\u00a0RStV und \u00a7\u00a05\u00a0TMG:Hedwig V\u00f6gele Verantwortlich im Vorstand:Hedwig V\u00f6gele \u00a0 Haftungshinweis: AllgemeinEs wurde alle Sorgfalt aufgewendet, die Richtigkeit der Angaben auf diesen Internetseiten sicher zu stellen. Eventuelle Fehler [&hellip;]<\/p>\n","protected":false},"author":2,"featured_media":0,"parent":0,"menu_order":0,"comment_status":"closed","ping_status":"closed","template":"","meta":{"footnotes":""},"class_list":["post-39","page","type-page","status-publish","hentry"],"_links":{"self":[{"href":"https:\/\/www.anmeldung2.dav-murnau.de\/index.php?rest_route=\/wp\/v2\/pages\/39","targetHints":{"allow":["GET"]}}],"collection":[{"href":"https:\/\/www.anmeldung2.dav-murnau.de\/index.php?rest_route=\/wp\/v2\/pages"}],"about":[{"href":"https:\/\/www.anmeldung2.dav-murnau.de\/index.php?rest_route=\/wp\/v2\/types\/page"}],"author":[{"embeddable":true,"href":"https:\/\/www.anmeldung2.dav-murnau.de\/index.php?rest_route=\/wp\/v2\/users\/2"}],"replies":[{"embeddable":true,"href":"https:\/\/www.anmeldung2.dav-murnau.de\/index.php?rest_route=%2Fwp%2Fv2%2Fcomments&post=39"}],"version-history":[{"count":4,"href":"https:\/\/www.anmeldung2.dav-murnau.de\/index.php?rest_route=\/wp\/v2\/pages\/39\/revisions"}],"predecessor-version":[{"id":2460,"href":"https:\/\/www.anmeldung2.dav-murnau.de\/index.php?rest_route=\/wp\/v2\/pages\/39\/revisions\/2460"}],"wp:attachment":[{"href":"https:\/\/www.anmeldung2.dav-murnau.de\/index.php?rest_route=%2Fwp%2Fv2%2Fmedia&parent=39"}],"curies":[{"name":"wp","href":"https:\/\/api.w.org\/{rel}","templated":true}]}}