{"id":42,"date":"2016-12-14T22:58:52","date_gmt":"2016-12-14T21:58:52","guid":{"rendered":"http:\/\/www.anmeldung2.dav-murnau.de\/?page_id=42"},"modified":"2016-12-14T22:58:52","modified_gmt":"2016-12-14T21:58:52","slug":"programm","status":"publish","type":"page","link":"https:\/\/www.anmeldung2.dav-murnau.de\/","title":{"rendered":"Programm"},"content":{"rendered":"<p><span class=\"highlight\"><div id='event_wrapper'><div id='event_search_code' style='display:none;' data='show_expired=true&category_identifier=&event_category_id=&staff_id=&allow_override=0&show_secondary=false&show_deleted=false&show_recurrence=true&limit=0&order_by=NULL&sort=&css_class=NULL&events_per_page=50&num_page_links_to_display=10&exclude_closed_events=false'><\/div><div id='event_container_pagination' ><div id='event_content' class='event_content'><p id=\"events_category_name-502\" class=\"events_category_name\"><\/p><div id=\"event_data-502\" class=\"event_data NULL  event-data-display event-list-display event-display-boxes ui-widget\">\n\t<h3 id=\"event_title-502\" class=\"event_title ui-widget-header ui-corner-top\"><a title=\"1.01 Theorieabend Lawinen\" class=\"a_event_title\" id=\"a_event_title-502\" href=\"https:\/\/www.anmeldung2.dav-murnau.de\/?page_id=10&ee=502\">1.01 Theorieabend Lawinen<\/a>\n\t\t\t\t\t\t\t\t\t\t\t\t\t\t\t\t\t\t\t<\/h3>\n<div class=\"event-data-display ui-widget-content ui-corner-bottom\">\n\t\t\t\t\t\t\t\t\t\t<div class=\"event-meta clearfix\">\n\t\t<p id=\"p_event_price-502\" class=\"event_price\"><span class=\"section-title\">Preis: <\/span> EUR0.00<\/p>\t\t<p id=\"event_date-502\"><span class=\"section-title\">Datum:<\/span>  15. Januar 2026 \n\t\t\t<a  href=\"https:\/\/www.anmeldung2.dav-murnau.de?iCal=true&amp;current_year=2026&amp;current_month=04&amp;current_day=30&amp;current_time=114842&amp;event_id=502&amp;ee_reg_id=d97ff7cebd36e659215ccc78607d5078-69f3419a20c595.49104053&amp;contact_email=webmaster@dav-murnau.de&amp;start_year=1970&amp;start_month=01&amp;start_day=01&amp;start_time=000000&amp;end_year=1970&amp;end_month=01&amp;end_day=01&amp;end_time=000000&amp;event_summary=1.01 Theorieabend Lawinen&amp;ee_reg_url=https:\/\/www.anmeldung2.dav-murnau.de\/?page_id=10&amp;ee=502&amp;site_url=https:\/\/www.anmeldung2.dav-murnau.de&amp;organization=DAV Murnau - Tourenanmeldung&amp;location=Kohlgruber Str. 1 Murnau, Deutschland 82418 Deutschland\" id=\"espresso_ical_502\" class=\"espresso_ical_link\" title=\"iCal Import\"><img decoding=\"async\" src=\"https:\/\/www.anmeldung2.dav-murnau.de\/wp-content\/plugins\/event-espresso\/images\/icons\/calendar_link.png\"><\/a>\t\t<\/p>\n\t<\/div>\n\n\t <p id=\"available_spaces-502\" class=\"spaces-available\"><span class=\"section-title\">Verf\u00fcgbare Pl\u00e4tze:<\/span> 987<\/p>\n\t\t\t\t\t\t\t<p id=\"register_link-502\" class=\"register-link-footer\">\n\t\t\t\t\t<a class=\"a_register_link ui-button ui-button-big ui-priority-primary ui-state-default ui-state-hover ui-state-focus ui-corner-all\" id=\"a_register_link-502\" href=\"https:\/\/www.anmeldung2.dav-murnau.de\/?page_id=10&ee=502\" title=\"1.01 Theorieabend Lawinen\">Buchen<\/a>\n\t\t\t\t\t\t\t\t\t<\/p>\n\t\t\n<\/div><!-- \/ .event-data-display -->\n<\/div><!-- \/ .event-display-boxes -->\n<div id=\"event_data-504\" class=\"event_data NULL  event-data-display event-list-display event-display-boxes ui-widget\">\n\t<h3 id=\"event_title-504\" class=\"event_title ui-widget-header ui-corner-top\"><a title=\"1.02 Lawinen-Versch\u00fctteten-Suche\" class=\"a_event_title\" id=\"a_event_title-504\" href=\"https:\/\/www.anmeldung2.dav-murnau.de\/?page_id=10&ee=504\">1.02 Lawinen-Versch\u00fctteten-Suche<\/a>\n\t\t\t\t\t\t\t\t\t\t\t\t\t\t\t\t\t\t\t<\/h3>\n<div class=\"event-data-display ui-widget-content ui-corner-bottom\">\n\t\t\t\t\t\t\t\t\t\t<div class=\"event-meta clearfix\">\n\t\t<p id=\"p_event_price-504\" class=\"event_price\"><span class=\"section-title\">Preis: <\/span> EUR15.00<\/p>\t\t<p id=\"event_date-504\"><span class=\"section-title\">Datum:<\/span>  17. Januar 2026 \n\t\t\t<a  href=\"https:\/\/www.anmeldung2.dav-murnau.de?iCal=true&amp;current_year=2026&amp;current_month=04&amp;current_day=30&amp;current_time=114842&amp;event_id=504&amp;ee_reg_id=d97ff7cebd36e659215ccc78607d5078-69f3419a20c595.49104053&amp;contact_email=webmaster@dav-murnau.de&amp;start_year=1970&amp;start_month=01&amp;start_day=01&amp;start_time=000000&amp;end_year=1970&amp;end_month=01&amp;end_day=01&amp;end_time=000000&amp;event_summary=1.02 Lawinen-Versch\u00fctteten-Suche&amp;ee_reg_url=https:\/\/www.anmeldung2.dav-murnau.de\/?page_id=10&amp;ee=504&amp;site_url=https:\/\/www.anmeldung2.dav-murnau.de&amp;organization=DAV Murnau - Tourenanmeldung&amp;location\" id=\"espresso_ical_504\" class=\"espresso_ical_link\" title=\"iCal Import\"><img decoding=\"async\" src=\"https:\/\/www.anmeldung2.dav-murnau.de\/wp-content\/plugins\/event-espresso\/images\/icons\/calendar_link.png\"><\/a>\t\t<\/p>\n\t<\/div>\n\n\t\t\t<p id=\"available_spaces-504\" class=\"available-spaces\"><span class=\"section-title\">Verf\u00fcgbare Pl\u00e4tze: <\/span>0<\/p>\n\t\t\t\t\t<p id=\"register_link-503\" class=\"register-link-footer\"><a class=\"a_register_link ui-button ui-button-big ui-priority-primary ui-state-default ui-state-hover ui-state-focus ui-corner-all\" id=\"a_register_link-503\" href=\"https:\/\/www.anmeldung2.dav-murnau.de\/?page_id=10&ee=503\" title=\"1.02 Lawinen-Versch\u00fctteten-Suche\">In Warteliste einschreiben:<\/a><\/p>\n\t\t\t\t\n<\/div><!-- \/ .event-data-display -->\n<\/div><!-- \/ .event-display-boxes -->\n<div id=\"event_data-505\" class=\"event_data NULL  event-data-display event-list-display event-display-boxes ui-widget\">\n\t<h3 id=\"event_title-505\" class=\"event_title ui-widget-header ui-corner-top\"><a title=\"1.03 Skitour Feldernkopf ggf. inkl. Soiernkessel (Karwendel)\" class=\"a_event_title\" id=\"a_event_title-505\" href=\"https:\/\/www.anmeldung2.dav-murnau.de\/?page_id=10&ee=505\">1.03 Skitour Feldernkopf ggf. inkl. Soiernkessel (Karwendel)<\/a>\n\t\t\t\t\t\t\t\t\t\t\t\t\t\t\t\t\t\t\t<\/h3>\n<div class=\"event-data-display ui-widget-content ui-corner-bottom\">\n\t\t\t\t\t\t\t\t\t\t<div class=\"event-meta clearfix\">\n\t\t<p id=\"p_event_price-505\" class=\"event_price\"><span class=\"section-title\">Preis: <\/span> EUR30.00<\/p>\t\t<p id=\"event_date-505\"><span class=\"section-title\">Datum:<\/span>  24. Januar 2026 \n\t\t\t<a  href=\"https:\/\/www.anmeldung2.dav-murnau.de?iCal=true&amp;current_year=2026&amp;current_month=04&amp;current_day=30&amp;current_time=114842&amp;event_id=505&amp;ee_reg_id=d97ff7cebd36e659215ccc78607d5078-69f3419a20c595.49104053&amp;contact_email=webmaster@dav-murnau.de&amp;start_year=1970&amp;start_month=01&amp;start_day=01&amp;start_time=000000&amp;end_year=1970&amp;end_month=01&amp;end_day=01&amp;end_time=000000&amp;event_summary=1.03 Skitour Feldernkopf ggf. inkl. Soiernkessel (Karwendel)&amp;ee_reg_url=https:\/\/www.anmeldung2.dav-murnau.de\/?page_id=10&amp;ee=505&amp;site_url=https:\/\/www.anmeldung2.dav-murnau.de&amp;organization=DAV Murnau - Tourenanmeldung&amp;location\" id=\"espresso_ical_505\" class=\"espresso_ical_link\" title=\"iCal Import\"><img decoding=\"async\" src=\"https:\/\/www.anmeldung2.dav-murnau.de\/wp-content\/plugins\/event-espresso\/images\/icons\/calendar_link.png\"><\/a>\t\t<\/p>\n\t<\/div>\n\n\t <p id=\"available_spaces-505\" class=\"spaces-available\"><span class=\"section-title\">Verf\u00fcgbare Pl\u00e4tze:<\/span> 1<\/p>\n\t\t\t\t\t\t\t<p id=\"register_link-505\" class=\"register-link-footer\">\n\t\t\t\t\t<a class=\"a_register_link ui-button ui-button-big ui-priority-primary ui-state-default ui-state-hover ui-state-focus ui-corner-all\" id=\"a_register_link-505\" href=\"https:\/\/www.anmeldung2.dav-murnau.de\/?page_id=10&ee=505\" title=\"1.03 Skitour Feldernkopf ggf. inkl. Soiernkessel (Karwendel)\">Buchen<\/a>\n\t\t\t\t\t\t\t\t\t<\/p>\n\t\t\n<\/div><!-- \/ .event-data-display -->\n<\/div><!-- \/ .event-display-boxes -->\n<div id=\"event_data-508\" class=\"event_data NULL  event-data-display event-list-display event-display-boxes ui-widget\">\n\t<h3 id=\"event_title-508\" class=\"event_title ui-widget-header ui-corner-top\"><a title=\"1.04 Varianten-Skikurs \u2013 Variantenfahren am Stubaier Gletscher\" class=\"a_event_title\" id=\"a_event_title-508\" href=\"https:\/\/www.anmeldung2.dav-murnau.de\/?page_id=10&ee=508\">1.04 Varianten-Skikurs \u2013 Variantenfahren am Stubaier Gletscher<\/a>\n\t\t\t\t\t\t\t\t\t\t\t\t\t\t\t\t\t\t\t<\/h3>\n<div class=\"event-data-display ui-widget-content ui-corner-bottom\">\n\t\t\t\t\t\t\t\t\t\t<div class=\"event-meta clearfix\">\n\t\t<p id=\"p_event_price-508\" class=\"event_price\"><span class=\"section-title\">Preis: <\/span> EUR30.00<\/p>\t\t<p id=\"event_date-508\"><span class=\"section-title\">Datum:<\/span>  31. Januar 2026 \n\t\t\t<a  href=\"https:\/\/www.anmeldung2.dav-murnau.de?iCal=true&amp;current_year=2026&amp;current_month=04&amp;current_day=30&amp;current_time=114842&amp;event_id=508&amp;ee_reg_id=d97ff7cebd36e659215ccc78607d5078-69f3419a20c595.49104053&amp;contact_email=webmaster@dav-murnau.de&amp;start_year=1970&amp;start_month=01&amp;start_day=01&amp;start_time=000000&amp;end_year=1970&amp;end_month=01&amp;end_day=01&amp;end_time=000000&amp;event_summary=1.04 Varianten-Skikurs \u2013 Variantenfahren am Stubaier Gletscher&amp;ee_reg_url=https:\/\/www.anmeldung2.dav-murnau.de\/?page_id=10&amp;ee=508&amp;site_url=https:\/\/www.anmeldung2.dav-murnau.de&amp;organization=DAV Murnau - Tourenanmeldung&amp;location=Kellerstra\u00dfe Murnau 82418\" id=\"espresso_ical_508\" class=\"espresso_ical_link\" title=\"iCal Import\"><img decoding=\"async\" src=\"https:\/\/www.anmeldung2.dav-murnau.de\/wp-content\/plugins\/event-espresso\/images\/icons\/calendar_link.png\"><\/a>\t\t<\/p>\n\t<\/div>\n\n\t\t\t<p id=\"available_spaces-508\" class=\"available-spaces\"><span class=\"section-title\">Verf\u00fcgbare Pl\u00e4tze: <\/span>0<\/p>\n\t\t\t\n<\/div><!-- \/ .event-data-display -->\n<\/div><!-- \/ .event-display-boxes -->\n<div id=\"event_data-510\" class=\"event_data NULL  event-data-display event-list-display event-display-boxes ui-widget\">\n\t<h3 id=\"event_title-510\" class=\"event_title ui-widget-header ui-corner-top\"><a title=\"1.05 2-Tages-Skitour im Karwendel mit Winterraum\u00fcbernachtung\" class=\"a_event_title\" id=\"a_event_title-510\" href=\"https:\/\/www.anmeldung2.dav-murnau.de\/?page_id=10&ee=510\">1.05 2-Tages-Skitour im Karwendel mit Winterraum\u00fcbernachtung<\/a>\n\t\t\t\t\t\t\t\t\t\t\t\t\t\t\t\t\t\t\t<\/h3>\n<div class=\"event-data-display ui-widget-content ui-corner-bottom\">\n\t\t\t\t\t\t\t\t\t\t<div class=\"event-meta clearfix\">\n\t\t<p id=\"p_event_price-510\" class=\"event_price\"><span class=\"section-title\">Preis: <\/span> EUR60.00<\/p>\t\t<p id=\"event_date-510\"><span class=\"section-title\">Datum:<\/span>  2. Februar 2026 \n\t\t\t<a  href=\"https:\/\/www.anmeldung2.dav-murnau.de?iCal=true&amp;current_year=2026&amp;current_month=04&amp;current_day=30&amp;current_time=114842&amp;event_id=510&amp;ee_reg_id=d97ff7cebd36e659215ccc78607d5078-69f3419a20c595.49104053&amp;contact_email=webmaster@dav-murnau.de&amp;start_year=1970&amp;start_month=01&amp;start_day=01&amp;start_time=000000&amp;end_year=1970&amp;end_month=01&amp;end_day=01&amp;end_time=000000&amp;event_summary=1.05 2-Tages-Skitour im Karwendel mit Winterraum\u00fcbernachtung&amp;ee_reg_url=https:\/\/www.anmeldung2.dav-murnau.de\/?page_id=10&amp;ee=510&amp;site_url=https:\/\/www.anmeldung2.dav-murnau.de&amp;organization=DAV Murnau - Tourenanmeldung&amp;location\" id=\"espresso_ical_510\" class=\"espresso_ical_link\" title=\"iCal Import\"><img decoding=\"async\" src=\"https:\/\/www.anmeldung2.dav-murnau.de\/wp-content\/plugins\/event-espresso\/images\/icons\/calendar_link.png\"><\/a>\t\t<\/p>\n\t<\/div>\n\n\t\t\t<p id=\"available_spaces-510\" class=\"available-spaces\"><span class=\"section-title\">Verf\u00fcgbare Pl\u00e4tze: <\/span>0<\/p>\n\t\t\t\t\t<p id=\"register_link-511\" class=\"register-link-footer\"><a class=\"a_register_link ui-button ui-button-big ui-priority-primary ui-state-default ui-state-hover ui-state-focus ui-corner-all\" id=\"a_register_link-511\" href=\"https:\/\/www.anmeldung2.dav-murnau.de\/?page_id=10&ee=511\" title=\"1.05 2-Tages-Skitour im Karwendel mit Winterraum\u00fcbernachtung\">In Warteliste einschreiben:<\/a><\/p>\n\t\t\t\t\n<\/div><!-- \/ .event-data-display -->\n<\/div><!-- \/ .event-display-boxes -->\n<div id=\"event_data-512\" class=\"event_data NULL  event-data-display event-list-display event-display-boxes ui-widget\">\n\t<h3 id=\"event_title-512\" class=\"event_title ui-widget-header ui-corner-top\"><a title=\"1.06 Wasserfalleisklettern im Pitztal\" class=\"a_event_title\" id=\"a_event_title-512\" href=\"https:\/\/www.anmeldung2.dav-murnau.de\/?page_id=10&ee=512\">1.06 Wasserfalleisklettern im Pitztal<\/a>\n\t\t\t\t\t\t\t\t\t\t\t\t\t\t\t\t\t\t\t<\/h3>\n<div class=\"event-data-display ui-widget-content ui-corner-bottom\">\n\t\t\t\t\t\t\t\t\t\t<div class=\"event-meta clearfix\">\n\t\t<p id=\"p_event_price-512\" class=\"event_price\"><span class=\"section-title\">Preis: <\/span> EUR80.00<\/p>\t\t<p id=\"event_date-512\"><span class=\"section-title\">Datum:<\/span>  13. Februar 2026 \n\t\t\t<a  href=\"https:\/\/www.anmeldung2.dav-murnau.de?iCal=true&amp;current_year=2026&amp;current_month=04&amp;current_day=30&amp;current_time=114842&amp;event_id=512&amp;ee_reg_id=d97ff7cebd36e659215ccc78607d5078-69f3419a20c595.49104053&amp;contact_email=webmaster@dav-murnau.de&amp;start_year=1970&amp;start_month=01&amp;start_day=01&amp;start_time=000000&amp;end_year=1970&amp;end_month=01&amp;end_day=01&amp;end_time=000000&amp;event_summary=1.06 Wasserfalleisklettern im Pitztal&amp;ee_reg_url=https:\/\/www.anmeldung2.dav-murnau.de\/?page_id=10&amp;ee=512&amp;site_url=https:\/\/www.anmeldung2.dav-murnau.de&amp;organization=DAV Murnau - Tourenanmeldung&amp;location\" id=\"espresso_ical_512\" class=\"espresso_ical_link\" title=\"iCal Import\"><img decoding=\"async\" src=\"https:\/\/www.anmeldung2.dav-murnau.de\/wp-content\/plugins\/event-espresso\/images\/icons\/calendar_link.png\"><\/a>\t\t<\/p>\n\t<\/div>\n\n\t\t\t<p id=\"available_spaces-512\" class=\"available-spaces\"><span class=\"section-title\">Verf\u00fcgbare Pl\u00e4tze: <\/span>0<\/p>\n\t\t\t\t\t<p id=\"register_link-513\" class=\"register-link-footer\"><a class=\"a_register_link ui-button ui-button-big ui-priority-primary ui-state-default ui-state-hover ui-state-focus ui-corner-all\" id=\"a_register_link-513\" href=\"https:\/\/www.anmeldung2.dav-murnau.de\/?page_id=10&ee=513\" title=\"1.06 Wasserfalleisklettern im Pitztal\">In Warteliste einschreiben:<\/a><\/p>\n\t\t\t\t\n<\/div><!-- \/ .event-data-display -->\n<\/div><!-- \/ .event-display-boxes -->\n<div id=\"event_data-514\" class=\"event_data NULL  event-data-display event-list-display event-display-boxes ui-widget\">\n\t<h3 id=\"event_title-514\" class=\"event_title ui-widget-header ui-corner-top\"><a title=\"1.07 Skitour Pleisenspitze (Karwendel)\" class=\"a_event_title\" id=\"a_event_title-514\" href=\"https:\/\/www.anmeldung2.dav-murnau.de\/?page_id=10&ee=514\">1.07 Skitour Pleisenspitze (Karwendel)<\/a>\n\t\t\t\t\t\t\t\t\t\t\t\t\t\t\t\t\t\t\t<\/h3>\n<div class=\"event-data-display ui-widget-content ui-corner-bottom\">\n\t\t\t\t\t\t\t\t\t\t<div class=\"event-meta clearfix\">\n\t\t<p id=\"p_event_price-514\" class=\"event_price\"><span class=\"section-title\">Preis: <\/span> EUR30.00<\/p>\t\t<p id=\"event_date-514\"><span class=\"section-title\">Datum:<\/span>  22. Februar 2026 \n\t\t\t<a  href=\"https:\/\/www.anmeldung2.dav-murnau.de?iCal=true&amp;current_year=2026&amp;current_month=04&amp;current_day=30&amp;current_time=114842&amp;event_id=514&amp;ee_reg_id=d97ff7cebd36e659215ccc78607d5078-69f3419a20c595.49104053&amp;contact_email=webmaster@dav-murnau.de&amp;start_year=1970&amp;start_month=01&amp;start_day=01&amp;start_time=000000&amp;end_year=1970&amp;end_month=01&amp;end_day=01&amp;end_time=000000&amp;event_summary=1.07 Skitour Pleisenspitze (Karwendel)&amp;ee_reg_url=https:\/\/www.anmeldung2.dav-murnau.de\/?page_id=10&amp;ee=514&amp;site_url=https:\/\/www.anmeldung2.dav-murnau.de&amp;organization=DAV Murnau - Tourenanmeldung&amp;location\" id=\"espresso_ical_514\" class=\"espresso_ical_link\" title=\"iCal Import\"><img decoding=\"async\" src=\"https:\/\/www.anmeldung2.dav-murnau.de\/wp-content\/plugins\/event-espresso\/images\/icons\/calendar_link.png\"><\/a>\t\t<\/p>\n\t<\/div>\n\n\t <p id=\"available_spaces-514\" class=\"spaces-available\"><span class=\"section-title\">Verf\u00fcgbare Pl\u00e4tze:<\/span> 1<\/p>\n\t\t\t\t\t\t\t<p id=\"register_link-514\" class=\"register-link-footer\">\n\t\t\t\t\t<a class=\"a_register_link ui-button ui-button-big ui-priority-primary ui-state-default ui-state-hover ui-state-focus ui-corner-all\" id=\"a_register_link-514\" href=\"https:\/\/www.anmeldung2.dav-murnau.de\/?page_id=10&ee=514\" title=\"1.07 Skitour Pleisenspitze (Karwendel)\">Buchen<\/a>\n\t\t\t\t\t\t\t\t\t<\/p>\n\t\t\n<\/div><!-- \/ .event-data-display -->\n<\/div><!-- \/ .event-display-boxes -->\n<div id=\"event_data-516\" class=\"event_data NULL  event-data-display event-list-display event-display-boxes ui-widget\">\n\t<h3 id=\"event_title-516\" class=\"event_title ui-widget-header ui-corner-top\"><a title=\"1.08 Skitour Alpspitze (Wetterstein)\" class=\"a_event_title\" id=\"a_event_title-516\" href=\"https:\/\/www.anmeldung2.dav-murnau.de\/?page_id=10&ee=516\">1.08 Skitour Alpspitze (Wetterstein)<\/a>\n\t\t\t\t\t\t\t\t\t\t\t\t\t\t\t\t\t\t\t<\/h3>\n<div class=\"event-data-display ui-widget-content ui-corner-bottom\">\n\t\t\t\t\t\t\t\t\t\t<div class=\"event-meta clearfix\">\n\t\t<p id=\"p_event_price-516\" class=\"event_price\"><span class=\"section-title\">Preis: <\/span> EUR40.00<\/p>\t\t<p id=\"event_date-516\"><span class=\"section-title\">Datum:<\/span>  27. Februar 2026 \n\t\t\t<a  href=\"https:\/\/www.anmeldung2.dav-murnau.de?iCal=true&amp;current_year=2026&amp;current_month=04&amp;current_day=30&amp;current_time=114842&amp;event_id=516&amp;ee_reg_id=d97ff7cebd36e659215ccc78607d5078-69f3419a20c595.49104053&amp;contact_email=webmaster@dav-murnau.de&amp;start_year=1970&amp;start_month=01&amp;start_day=01&amp;start_time=000000&amp;end_year=1970&amp;end_month=01&amp;end_day=01&amp;end_time=000000&amp;event_summary=1.08 Skitour Alpspitze (Wetterstein)&amp;ee_reg_url=https:\/\/www.anmeldung2.dav-murnau.de\/?page_id=10&amp;ee=516&amp;site_url=https:\/\/www.anmeldung2.dav-murnau.de&amp;organization=DAV Murnau - Tourenanmeldung&amp;location=Kellerstra\u00dfe Murnau 82418\" id=\"espresso_ical_516\" class=\"espresso_ical_link\" title=\"iCal Import\"><img decoding=\"async\" src=\"https:\/\/www.anmeldung2.dav-murnau.de\/wp-content\/plugins\/event-espresso\/images\/icons\/calendar_link.png\"><\/a>\t\t<\/p>\n\t<\/div>\n\n\t\t\t<p id=\"available_spaces-516\" class=\"available-spaces\"><span class=\"section-title\">Verf\u00fcgbare Pl\u00e4tze: <\/span>0<\/p>\n\t\t\t\t\t<p id=\"register_link-517\" class=\"register-link-footer\"><a class=\"a_register_link ui-button ui-button-big ui-priority-primary ui-state-default ui-state-hover ui-state-focus ui-corner-all\" id=\"a_register_link-517\" href=\"https:\/\/www.anmeldung2.dav-murnau.de\/?page_id=10&ee=517\" title=\"1.08 Skitour Alpspitze (Wetterstein)\">In Warteliste einschreiben:<\/a><\/p>\n\t\t\t\t\n<\/div><!-- \/ .event-data-display -->\n<\/div><!-- \/ .event-display-boxes -->\n<div id=\"event_data-548\" class=\"event_data NULL  event-data-display event-list-display event-display-boxes ui-widget\">\n\t<h3 id=\"event_title-548\" class=\"event_title ui-widget-header ui-corner-top\"><a title=\"2.08 Skitour f\u00fcr Junioren Alpspitze (Wetterstein)\" class=\"a_event_title\" id=\"a_event_title-548\" href=\"https:\/\/www.anmeldung2.dav-murnau.de\/?page_id=10&ee=548\">2.08 Skitour f\u00fcr Junioren Alpspitze (Wetterstein)<\/a>\n\t\t\t\t\t\t\t\t\t\t\t\t\t\t\t\t\t\t\t<\/h3>\n<div class=\"event-data-display ui-widget-content ui-corner-bottom\">\n\t\t\t\t\t\t\t\t\t\t<div class=\"event-meta clearfix\">\n\t\t<p id=\"p_event_price-548\" class=\"event_price\"><span class=\"section-title\">Preis: <\/span> EUR0.00<\/p>\t\t<p id=\"event_date-548\"><span class=\"section-title\">Datum:<\/span>  27. Februar 2026 \n\t\t\t<a  href=\"https:\/\/www.anmeldung2.dav-murnau.de?iCal=true&amp;current_year=2026&amp;current_month=04&amp;current_day=30&amp;current_time=114842&amp;event_id=548&amp;ee_reg_id=d97ff7cebd36e659215ccc78607d5078-69f3419a20c595.49104053&amp;contact_email=webmaster@dav-murnau.de&amp;start_year=1970&amp;start_month=01&amp;start_day=01&amp;start_time=000000&amp;end_year=1970&amp;end_month=01&amp;end_day=01&amp;end_time=000000&amp;event_summary=2.08 Skitour f\u00fcr Junioren Alpspitze (Wetterstein)&amp;ee_reg_url=https:\/\/www.anmeldung2.dav-murnau.de\/?page_id=10&amp;ee=548&amp;site_url=https:\/\/www.anmeldung2.dav-murnau.de&amp;organization=DAV Murnau - Tourenanmeldung&amp;location=Kellerstra\u00dfe Murnau 82418\" id=\"espresso_ical_548\" class=\"espresso_ical_link\" title=\"iCal Import\"><img decoding=\"async\" src=\"https:\/\/www.anmeldung2.dav-murnau.de\/wp-content\/plugins\/event-espresso\/images\/icons\/calendar_link.png\"><\/a>\t\t<\/p>\n\t<\/div>\n\n\t <p id=\"available_spaces-548\" class=\"spaces-available\"><span class=\"section-title\">Verf\u00fcgbare Pl\u00e4tze:<\/span> 1<\/p>\n\t\t\t\t\t\t\t<p id=\"register_link-548\" class=\"register-link-footer\">\n\t\t\t\t\t<a class=\"a_register_link ui-button ui-button-big ui-priority-primary ui-state-default ui-state-hover ui-state-focus ui-corner-all\" id=\"a_register_link-548\" href=\"https:\/\/www.anmeldung2.dav-murnau.de\/?page_id=10&ee=548\" title=\"2.08 Skitour f\u00fcr Junioren Alpspitze (Wetterstein)\">Buchen<\/a>\n\t\t\t\t\t\t\t\t\t<\/p>\n\t\t\n<\/div><!-- \/ .event-data-display -->\n<\/div><!-- \/ .event-display-boxes -->\n<div id=\"event_data-518\" class=\"event_data NULL  event-data-display event-list-display event-display-boxes ui-widget\">\n\t<h3 id=\"event_title-518\" class=\"event_title ui-widget-header ui-corner-top\"><a title=\"1.09 Skitourentage am Brenner \u2013 for Ladys only\" class=\"a_event_title\" id=\"a_event_title-518\" href=\"https:\/\/www.anmeldung2.dav-murnau.de\/?page_id=10&ee=518\">1.09 Skitourentage am Brenner \u2013 for Ladys only<\/a>\n\t\t\t\t\t\t\t\t\t\t\t\t\t\t\t\t\t\t\t<\/h3>\n<div class=\"event-data-display ui-widget-content ui-corner-bottom\">\n\t\t\t\t\t\t\t\t\t\t<div class=\"event-meta clearfix\">\n\t\t<p id=\"p_event_price-518\" class=\"event_price\"><span class=\"section-title\">Preis: <\/span> EUR120.00<\/p>\t\t<p id=\"event_date-518\"><span class=\"section-title\">Datum:<\/span>  6. M\u00e4rz 2026 \n\t\t\t<a  href=\"https:\/\/www.anmeldung2.dav-murnau.de?iCal=true&amp;current_year=2026&amp;current_month=04&amp;current_day=30&amp;current_time=114842&amp;event_id=518&amp;ee_reg_id=d97ff7cebd36e659215ccc78607d5078-69f3419a20c595.49104053&amp;contact_email=webmaster@dav-murnau.de&amp;start_year=1970&amp;start_month=01&amp;start_day=01&amp;start_time=000000&amp;end_year=1970&amp;end_month=01&amp;end_day=01&amp;end_time=000000&amp;event_summary=1.09 Skitourentage am Brenner \u2013 for Ladys only&amp;ee_reg_url=https:\/\/www.anmeldung2.dav-murnau.de\/?page_id=10&amp;ee=518&amp;site_url=https:\/\/www.anmeldung2.dav-murnau.de&amp;organization=DAV Murnau - Tourenanmeldung&amp;location=Kellerstra\u00dfe Murnau 82418\" id=\"espresso_ical_518\" class=\"espresso_ical_link\" title=\"iCal Import\"><img decoding=\"async\" src=\"https:\/\/www.anmeldung2.dav-murnau.de\/wp-content\/plugins\/event-espresso\/images\/icons\/calendar_link.png\"><\/a>\t\t<\/p>\n\t<\/div>\n\n\t\t\t<p id=\"available_spaces-518\" class=\"available-spaces\"><span class=\"section-title\">Verf\u00fcgbare Pl\u00e4tze: <\/span>0<\/p>\n\t\t\t\t\t<p id=\"register_link-519\" class=\"register-link-footer\"><a class=\"a_register_link ui-button ui-button-big ui-priority-primary ui-state-default ui-state-hover ui-state-focus ui-corner-all\" id=\"a_register_link-519\" href=\"https:\/\/www.anmeldung2.dav-murnau.de\/?page_id=10&ee=519\" title=\"1.09 Skitourentage am Brenner \u2013 for Ladys only\">In Warteliste einschreiben:<\/a><\/p>\n\t\t\t\t\n<\/div><!-- \/ .event-data-display -->\n<\/div><!-- \/ .event-display-boxes -->\n<div id=\"event_data-524\" class=\"event_data NULL  event-data-display event-list-display event-display-boxes ui-widget\">\n\t<h3 id=\"event_title-524\" class=\"event_title ui-widget-header ui-corner-top\"><a title=\"1.12 Klettern Vorstiegstraining\" class=\"a_event_title\" id=\"a_event_title-524\" href=\"https:\/\/www.anmeldung2.dav-murnau.de\/?page_id=10&ee=524\">1.12 Klettern Vorstiegstraining<\/a>\n\t\t\t\t\t\t\t\t\t\t\t\t\t\t\t\t\t\t\t<\/h3>\n<div class=\"event-data-display ui-widget-content ui-corner-bottom\">\n\t\t\t\t\t\t\t\t\t\t<div class=\"event-meta clearfix\">\n\t\t<p id=\"p_event_price-524\" class=\"event_price\"><span class=\"section-title\">Preis: <\/span> EUR20.00<\/p>\t\t<p id=\"event_date-524\"><span class=\"section-title\">Datum:<\/span>  20. M\u00e4rz 2026 \n\t\t\t<a  href=\"https:\/\/www.anmeldung2.dav-murnau.de?iCal=true&amp;current_year=2026&amp;current_month=04&amp;current_day=30&amp;current_time=114842&amp;event_id=524&amp;ee_reg_id=d97ff7cebd36e659215ccc78607d5078-69f3419a20c595.49104053&amp;contact_email=webmaster@dav-murnau.de&amp;start_year=1970&amp;start_month=01&amp;start_day=01&amp;start_time=000000&amp;end_year=1970&amp;end_month=01&amp;end_day=01&amp;end_time=000000&amp;event_summary=1.12 Klettern Vorstiegstraining&amp;ee_reg_url=https:\/\/www.anmeldung2.dav-murnau.de\/?page_id=10&amp;ee=524&amp;site_url=https:\/\/www.anmeldung2.dav-murnau.de&amp;organization=DAV Murnau - Tourenanmeldung&amp;location=Kellerstra\u00dfe Murnau 82418\" id=\"espresso_ical_524\" class=\"espresso_ical_link\" title=\"iCal Import\"><img decoding=\"async\" src=\"https:\/\/www.anmeldung2.dav-murnau.de\/wp-content\/plugins\/event-espresso\/images\/icons\/calendar_link.png\"><\/a>\t\t<\/p>\n\t<\/div>\n\n\t <p id=\"available_spaces-524\" class=\"spaces-available\"><span class=\"section-title\">Verf\u00fcgbare Pl\u00e4tze:<\/span> 4<\/p>\n\t\t\t\t\t\t\t<p id=\"register_link-524\" class=\"register-link-footer\">\n\t\t\t\t\t<a class=\"a_register_link ui-button ui-button-big ui-priority-primary ui-state-default ui-state-hover ui-state-focus ui-corner-all\" id=\"a_register_link-524\" href=\"https:\/\/www.anmeldung2.dav-murnau.de\/?page_id=10&ee=524\" title=\"1.12 Klettern Vorstiegstraining\">Buchen<\/a>\n\t\t\t\t\t\t\t\t\t<\/p>\n\t\t\n<\/div><!-- \/ .event-data-display -->\n<\/div><!-- \/ .event-display-boxes -->\n<div id=\"event_data-542\" class=\"event_data NULL  event-data-display event-list-display event-display-boxes ui-widget\">\n\t<h3 id=\"event_title-542\" class=\"event_title ui-widget-header ui-corner-top\"><a title=\"2.01 Ferienfreizeit-Tage auf der B\u00e4renfleckh\u00fctte in den Osterferien\" class=\"a_event_title\" id=\"a_event_title-542\" href=\"https:\/\/www.anmeldung2.dav-murnau.de\/?page_id=10&ee=542\">2.01 Ferienfreizeit-Tage auf der B\u00e4renfleckh\u00fctte in den Osterferien<\/a>\n\t\t\t\t\t\t\t\t\t\t\t\t\t\t\t\t\t\t\t<\/h3>\n<div class=\"event-data-display ui-widget-content ui-corner-bottom\">\n\t\t\t\t\t\t\t\t\t\t<div class=\"event-meta clearfix\">\n\t\t<p id=\"p_event_price-542\" class=\"event_price\"><span class=\"section-title\">Preis: <\/span> EUR60.00<\/p>\t\t<p id=\"event_date-542\"><span class=\"section-title\">Datum:<\/span>  7. April 2026 \n\t\t\t<a  href=\"https:\/\/www.anmeldung2.dav-murnau.de?iCal=true&amp;current_year=2026&amp;current_month=04&amp;current_day=30&amp;current_time=114842&amp;event_id=542&amp;ee_reg_id=d97ff7cebd36e659215ccc78607d5078-69f3419a20c595.49104053&amp;contact_email=webmaster@dav-murnau.de&amp;start_year=2026&amp;start_month=04&amp;start_day=07&amp;start_time=120000&amp;end_year=2026&amp;end_month=04&amp;end_day=07&amp;end_time=170000&amp;event_summary=2.01 Ferienfreizeit-Tage auf der B\u00e4renfleckh\u00fctte in den Osterferien&amp;ee_reg_url=https:\/\/www.anmeldung2.dav-murnau.de\/?page_id=10&amp;ee=542&amp;site_url=https:\/\/www.anmeldung2.dav-murnau.de&amp;organization=DAV Murnau - Tourenanmeldung&amp;location\" id=\"espresso_ical_542\" class=\"espresso_ical_link\" title=\"iCal Import\"><img decoding=\"async\" src=\"https:\/\/www.anmeldung2.dav-murnau.de\/wp-content\/plugins\/event-espresso\/images\/icons\/calendar_link.png\"><\/a>\t\t<\/p>\n\t<\/div>\n\n\t <p id=\"available_spaces-542\" class=\"spaces-available\"><span class=\"section-title\">Verf\u00fcgbare Pl\u00e4tze:<\/span> 20<\/p>\n\t\t\t\t\t\t\t<p id=\"register_link-542\" class=\"register-link-footer\">\n\t\t\t\t\t<a class=\"a_register_link ui-button ui-button-big ui-priority-primary ui-state-default ui-state-hover ui-state-focus ui-corner-all\" id=\"a_register_link-542\" href=\"https:\/\/www.anmeldung2.dav-murnau.de\/?page_id=10&ee=542\" title=\"2.01 Ferienfreizeit-Tage auf der B\u00e4renfleckh\u00fctte in den Osterferien\">Buchen<\/a>\n\t\t\t\t\t\t\t\t\t<\/p>\n\t\t\n<\/div><!-- \/ .event-data-display -->\n<\/div><!-- \/ .event-display-boxes -->\n<div id=\"event_data-520\" class=\"event_data NULL  event-data-display event-list-display event-display-boxes ui-widget\">\n\t<h3 id=\"event_title-520\" class=\"event_title ui-widget-header ui-corner-top\"><a title=\"1.10 Skitour N\u00f6rdliche Linderspitze via Dammkar (Karwendel)\" class=\"a_event_title\" id=\"a_event_title-520\" href=\"https:\/\/www.anmeldung2.dav-murnau.de\/?page_id=10&ee=520\">1.10 Skitour N\u00f6rdliche Linderspitze via Dammkar (Karwendel)<\/a>\n\t\t\t\t\t\t\t\t\t\t\t\t\t\t\t\t\t\t\t<\/h3>\n<div class=\"event-data-display ui-widget-content ui-corner-bottom\">\n\t\t\t\t\t\t\t\t\t\t<div class=\"event-meta clearfix\">\n\t\t<p id=\"p_event_price-520\" class=\"event_price\"><span class=\"section-title\">Preis: <\/span> EUR30.00<\/p>\t\t<p id=\"event_date-520\"><span class=\"section-title\">Datum:<\/span>  18. April 2026 \n\t\t\t<a  href=\"https:\/\/www.anmeldung2.dav-murnau.de?iCal=true&amp;current_year=2026&amp;current_month=04&amp;current_day=30&amp;current_time=114842&amp;event_id=520&amp;ee_reg_id=d97ff7cebd36e659215ccc78607d5078-69f3419a20c595.49104053&amp;contact_email=webmaster@dav-murnau.de&amp;start_year=2026&amp;start_month=04&amp;start_day=18&amp;start_time=183800&amp;end_year=2026&amp;end_month=04&amp;end_day=18&amp;end_time=170000&amp;event_summary=1.10 Skitour N\u00f6rdliche Linderspitze via Dammkar (Karwendel)&amp;ee_reg_url=https:\/\/www.anmeldung2.dav-murnau.de\/?page_id=10&amp;ee=520&amp;site_url=https:\/\/www.anmeldung2.dav-murnau.de&amp;organization=DAV Murnau - Tourenanmeldung&amp;location\" id=\"espresso_ical_520\" class=\"espresso_ical_link\" title=\"iCal Import\"><img decoding=\"async\" src=\"https:\/\/www.anmeldung2.dav-murnau.de\/wp-content\/plugins\/event-espresso\/images\/icons\/calendar_link.png\"><\/a>\t\t<\/p>\n\t<\/div>\n\n\t\t\t<p id=\"available_spaces-520\" class=\"available-spaces\"><span class=\"section-title\">Verf\u00fcgbare Pl\u00e4tze: <\/span>0<\/p>\n\t\t\t\t\t<p id=\"register_link-521\" class=\"register-link-footer\"><a class=\"a_register_link ui-button ui-button-big ui-priority-primary ui-state-default ui-state-hover ui-state-focus ui-corner-all\" id=\"a_register_link-521\" href=\"https:\/\/www.anmeldung2.dav-murnau.de\/?page_id=10&ee=521\" title=\"1.10 Skitour N\u00f6rdliche Linderspitze via Dammkar (Karwendel)\">In Warteliste einschreiben:<\/a><\/p>\n\t\t\t\t\n<\/div><!-- \/ .event-data-display -->\n<\/div><!-- \/ .event-display-boxes -->\n<div id=\"event_data-522\" class=\"event_data NULL  event-data-display event-list-display event-display-boxes ui-widget\">\n\t<h3 id=\"event_title-522\" class=\"event_title ui-widget-header ui-corner-top\"><a title=\"1.11 Skihochtour Monte Adamello (Adamello-Presanella Gruppe)\" class=\"a_event_title\" id=\"a_event_title-522\" href=\"https:\/\/www.anmeldung2.dav-murnau.de\/?page_id=10&ee=522\">1.11 Skihochtour Monte Adamello (Adamello-Presanella Gruppe)<\/a>\n\t\t\t\t\t\t\t\t\t\t\t\t\t\t\t\t\t\t\t<\/h3>\n<div class=\"event-data-display ui-widget-content ui-corner-bottom\">\n\t\t\t\t\t\t\t\t\t\t<div class=\"event-meta clearfix\">\n\t\t<p id=\"p_event_price-522\" class=\"event_price\"><span class=\"section-title\">Preis: <\/span> EUR120.00<\/p>\t\t<p id=\"event_date-522\"><span class=\"section-title\">Datum:<\/span>  1. Mai 2026 \n\t\t\t<a  href=\"https:\/\/www.anmeldung2.dav-murnau.de?iCal=true&amp;current_year=2026&amp;current_month=04&amp;current_day=30&amp;current_time=114842&amp;event_id=522&amp;ee_reg_id=d97ff7cebd36e659215ccc78607d5078-69f3419a20c595.49104053&amp;contact_email=webmaster@dav-murnau.de&amp;start_year=1970&amp;start_month=01&amp;start_day=01&amp;start_time=000000&amp;end_year=1970&amp;end_month=01&amp;end_day=01&amp;end_time=000000&amp;event_summary=1.11 Skihochtour Monte Adamello (Adamello-Presanella Gruppe)&amp;ee_reg_url=https:\/\/www.anmeldung2.dav-murnau.de\/?page_id=10&amp;ee=522&amp;site_url=https:\/\/www.anmeldung2.dav-murnau.de&amp;organization=DAV Murnau - Tourenanmeldung&amp;location\" id=\"espresso_ical_522\" class=\"espresso_ical_link\" title=\"iCal Import\"><img decoding=\"async\" src=\"https:\/\/www.anmeldung2.dav-murnau.de\/wp-content\/plugins\/event-espresso\/images\/icons\/calendar_link.png\"><\/a>\t\t<\/p>\n\t<\/div>\n\n\t\t\t<p id=\"available_spaces-522\" class=\"available-spaces\"><span class=\"section-title\">Verf\u00fcgbare Pl\u00e4tze: <\/span>0<\/p>\n\t\t\t\t\t<p id=\"register_link-523\" class=\"register-link-footer\"><a class=\"a_register_link ui-button ui-button-big ui-priority-primary ui-state-default ui-state-hover ui-state-focus ui-corner-all\" id=\"a_register_link-523\" href=\"https:\/\/www.anmeldung2.dav-murnau.de\/?page_id=10&ee=523\" title=\"1.11 Skihochtour Monte Adamello (Adamello-Presanella Gruppe)\">In Warteliste einschreiben:<\/a><\/p>\n\t\t\t\t\n<\/div><!-- \/ .event-data-display -->\n<\/div><!-- \/ .event-display-boxes -->\n<div id=\"event_data-526\" class=\"event_data NULL  event-data-display event-list-display event-display-boxes ui-widget\">\n\t<h3 id=\"event_title-526\" class=\"event_title ui-widget-header ui-corner-top\"><a title=\"1.13 Alpinklettern\" class=\"a_event_title\" id=\"a_event_title-526\" href=\"https:\/\/www.anmeldung2.dav-murnau.de\/?page_id=10&ee=526\">1.13 Alpinklettern<\/a>\n\t\t\t\t\t\t\t\t\t\t\t\t\t\t\t\t\t\t\t<\/h3>\n<div class=\"event-data-display ui-widget-content ui-corner-bottom\">\n\t\t\t\t\t\t\t\t\t\t<div class=\"event-meta clearfix\">\n\t\t<p id=\"p_event_price-526\" class=\"event_price\"><span class=\"section-title\">Preis: <\/span> EUR80.00<\/p>\t\t<p id=\"event_date-526\"><span class=\"section-title\">Datum:<\/span>  8. Mai 2026 \n\t\t\t<a  href=\"https:\/\/www.anmeldung2.dav-murnau.de?iCal=true&amp;current_year=2026&amp;current_month=04&amp;current_day=30&amp;current_time=114842&amp;event_id=526&amp;ee_reg_id=d97ff7cebd36e659215ccc78607d5078-69f3419a20c595.49104053&amp;contact_email=webmaster@dav-murnau.de&amp;start_year=1970&amp;start_month=01&amp;start_day=01&amp;start_time=000000&amp;end_year=1970&amp;end_month=01&amp;end_day=01&amp;end_time=000000&amp;event_summary=1.13 Alpinklettern&amp;ee_reg_url=https:\/\/www.anmeldung2.dav-murnau.de\/?page_id=10&amp;ee=526&amp;site_url=https:\/\/www.anmeldung2.dav-murnau.de&amp;organization=DAV Murnau - Tourenanmeldung&amp;location=Kellerstra\u00dfe Murnau 82418\" id=\"espresso_ical_526\" class=\"espresso_ical_link\" title=\"iCal Import\"><img decoding=\"async\" src=\"https:\/\/www.anmeldung2.dav-murnau.de\/wp-content\/plugins\/event-espresso\/images\/icons\/calendar_link.png\"><\/a>\t\t<\/p>\n\t<\/div>\n\n\t\t\t<p id=\"available_spaces-526\" class=\"available-spaces\"><span class=\"section-title\">Verf\u00fcgbare Pl\u00e4tze: <\/span>0<\/p>\n\t\t\t\t\t<p id=\"register_link-527\" class=\"register-link-footer\"><a class=\"a_register_link ui-button ui-button-big ui-priority-primary ui-state-default ui-state-hover ui-state-focus ui-corner-all\" id=\"a_register_link-527\" href=\"https:\/\/www.anmeldung2.dav-murnau.de\/?page_id=10&ee=527\" title=\"1.13 Alpinklettern\">In Warteliste einschreiben:<\/a><\/p>\n\t\t\t\t\n<\/div><!-- \/ .event-data-display -->\n<\/div><!-- \/ .event-display-boxes -->\n<div id=\"event_data-528\" class=\"event_data NULL  event-data-display event-list-display event-display-boxes ui-widget\">\n\t<h3 id=\"event_title-528\" class=\"event_title ui-widget-header ui-corner-top\"><a title=\"1.14 Spaltenbergung Trockentraining Grundkurs\" class=\"a_event_title\" id=\"a_event_title-528\" href=\"https:\/\/www.anmeldung2.dav-murnau.de\/?page_id=10&ee=528\">1.14 Spaltenbergung Trockentraining Grundkurs<\/a>\n\t\t\t\t\t\t\t\t\t\t\t\t\t\t\t\t\t\t\t<\/h3>\n<div class=\"event-data-display ui-widget-content ui-corner-bottom\">\n\t\t\t\t\t\t\t\t\t\t<div class=\"event-meta clearfix\">\n\t\t<p id=\"p_event_price-528\" class=\"event_price\"><span class=\"section-title\">Preis: <\/span> EUR20.00<\/p>\t\t<p id=\"event_date-528\"><span class=\"section-title\">Datum:<\/span>  12. Juni 2026 \n\t\t\t<a  href=\"https:\/\/www.anmeldung2.dav-murnau.de?iCal=true&amp;current_year=2026&amp;current_month=04&amp;current_day=30&amp;current_time=114842&amp;event_id=528&amp;ee_reg_id=d97ff7cebd36e659215ccc78607d5078-69f3419a20c595.49104053&amp;contact_email=webmaster@dav-murnau.de&amp;start_year=1970&amp;start_month=01&amp;start_day=01&amp;start_time=000000&amp;end_year=1970&amp;end_month=01&amp;end_day=01&amp;end_time=000000&amp;event_summary=1.14 Spaltenbergung Trockentraining Grundkurs&amp;ee_reg_url=https:\/\/www.anmeldung2.dav-murnau.de\/?page_id=10&amp;ee=528&amp;site_url=https:\/\/www.anmeldung2.dav-murnau.de&amp;organization=DAV Murnau - Tourenanmeldung&amp;location=Seidlstra\u00dfe 14 Murnau 82418\" id=\"espresso_ical_528\" class=\"espresso_ical_link\" title=\"iCal Import\"><img decoding=\"async\" src=\"https:\/\/www.anmeldung2.dav-murnau.de\/wp-content\/plugins\/event-espresso\/images\/icons\/calendar_link.png\"><\/a>\t\t<\/p>\n\t<\/div>\n\n\t\t\t<p id=\"available_spaces-528\" class=\"available-spaces\"><span class=\"section-title\">Verf\u00fcgbare Pl\u00e4tze: <\/span>0<\/p>\n\t\t\t\t\t<p id=\"register_link-529\" class=\"register-link-footer\"><a class=\"a_register_link ui-button ui-button-big ui-priority-primary ui-state-default ui-state-hover ui-state-focus ui-corner-all\" id=\"a_register_link-529\" href=\"https:\/\/www.anmeldung2.dav-murnau.de\/?page_id=10&ee=529\" title=\"1.14 Spaltenbergung Trockentraining Grundkurs\">In Warteliste einschreiben:<\/a><\/p>\n\t\t\t\t\n<\/div><!-- \/ .event-data-display -->\n<\/div><!-- \/ .event-display-boxes -->\n<div id=\"event_data-530\" class=\"event_data NULL  event-data-display event-list-display event-display-boxes ui-widget\">\n\t<h3 id=\"event_title-530\" class=\"event_title ui-widget-header ui-corner-top\"><a title=\"1.15 Spaltenbergung Trockentraining Aufbaukurs\" class=\"a_event_title\" id=\"a_event_title-530\" href=\"https:\/\/www.anmeldung2.dav-murnau.de\/?page_id=10&ee=530\">1.15 Spaltenbergung Trockentraining Aufbaukurs<\/a>\n\t\t\t\t\t\t\t\t\t\t\t\t\t\t\t\t\t\t\t<\/h3>\n<div class=\"event-data-display ui-widget-content ui-corner-bottom\">\n\t\t\t\t\t\t\t\t\t\t<div class=\"event-meta clearfix\">\n\t\t<p id=\"p_event_price-530\" class=\"event_price\"><span class=\"section-title\">Preis: <\/span> EUR20.00<\/p>\t\t<p id=\"event_date-530\"><span class=\"section-title\">Datum:<\/span>  19. Juni 2026 \n\t\t\t<a  href=\"https:\/\/www.anmeldung2.dav-murnau.de?iCal=true&amp;current_year=2026&amp;current_month=04&amp;current_day=30&amp;current_time=114842&amp;event_id=530&amp;ee_reg_id=d97ff7cebd36e659215ccc78607d5078-69f3419a20c595.49104053&amp;contact_email=webmaster@dav-murnau.de&amp;start_year=1970&amp;start_month=01&amp;start_day=01&amp;start_time=000000&amp;end_year=1970&amp;end_month=01&amp;end_day=01&amp;end_time=000000&amp;event_summary=1.15 Spaltenbergung Trockentraining Aufbaukurs&amp;ee_reg_url=https:\/\/www.anmeldung2.dav-murnau.de\/?page_id=10&amp;ee=530&amp;site_url=https:\/\/www.anmeldung2.dav-murnau.de&amp;organization=DAV Murnau - Tourenanmeldung&amp;location=Seidlstra\u00dfe 14 Murnau 82418\" id=\"espresso_ical_530\" class=\"espresso_ical_link\" title=\"iCal Import\"><img decoding=\"async\" src=\"https:\/\/www.anmeldung2.dav-murnau.de\/wp-content\/plugins\/event-espresso\/images\/icons\/calendar_link.png\"><\/a>\t\t<\/p>\n\t<\/div>\n\n\t\t\t<p id=\"available_spaces-530\" class=\"available-spaces\"><span class=\"section-title\">Verf\u00fcgbare Pl\u00e4tze: <\/span>0<\/p>\n\t\t\t\t\t<p id=\"register_link-531\" class=\"register-link-footer\"><a class=\"a_register_link ui-button ui-button-big ui-priority-primary ui-state-default ui-state-hover ui-state-focus ui-corner-all\" id=\"a_register_link-531\" href=\"https:\/\/www.anmeldung2.dav-murnau.de\/?page_id=10&ee=531\" title=\"1.15 Spaltenbergung Trockentraining Aufbaukurs\">In Warteliste einschreiben:<\/a><\/p>\n\t\t\t\t\n<\/div><!-- \/ .event-data-display -->\n<\/div><!-- \/ .event-display-boxes -->\n<div id=\"event_data-532\" class=\"event_data NULL  event-data-display event-list-display event-display-boxes ui-widget\">\n\t<h3 id=\"event_title-532\" class=\"event_title ui-widget-header ui-corner-top\"><a title=\"1.16 Hochtouren-Wochenende Ortlergruppe \u2013 for Ladys only\" class=\"a_event_title\" id=\"a_event_title-532\" href=\"https:\/\/www.anmeldung2.dav-murnau.de\/?page_id=10&ee=532\">1.16 Hochtouren-Wochenende Ortlergruppe \u2013 for Ladys only<\/a>\n\t\t\t\t\t\t\t\t\t\t\t\t\t\t\t\t\t\t\t<\/h3>\n<div class=\"event-data-display ui-widget-content ui-corner-bottom\">\n\t\t\t\t\t\t\t\t\t\t<div class=\"event-meta clearfix\">\n\t\t<p id=\"p_event_price-532\" class=\"event_price\"><span class=\"section-title\">Preis: <\/span> EUR120.00<\/p>\t\t<p id=\"event_date-532\"><span class=\"section-title\">Datum:<\/span>  26. Juni 2026 \n\t\t\t<a  href=\"https:\/\/www.anmeldung2.dav-murnau.de?iCal=true&amp;current_year=2026&amp;current_month=04&amp;current_day=30&amp;current_time=114842&amp;event_id=532&amp;ee_reg_id=d97ff7cebd36e659215ccc78607d5078-69f3419a20c595.49104053&amp;contact_email=webmaster@dav-murnau.de&amp;start_year=1970&amp;start_month=01&amp;start_day=01&amp;start_time=000000&amp;end_year=1970&amp;end_month=01&amp;end_day=01&amp;end_time=000000&amp;event_summary=1.16 Hochtouren-Wochenende Ortlergruppe \u2013 for Ladys only&amp;ee_reg_url=https:\/\/www.anmeldung2.dav-murnau.de\/?page_id=10&amp;ee=532&amp;site_url=https:\/\/www.anmeldung2.dav-murnau.de&amp;organization=DAV Murnau - Tourenanmeldung&amp;location=Kellerstra\u00dfe Murnau 82418\" id=\"espresso_ical_532\" class=\"espresso_ical_link\" title=\"iCal Import\"><img decoding=\"async\" src=\"https:\/\/www.anmeldung2.dav-murnau.de\/wp-content\/plugins\/event-espresso\/images\/icons\/calendar_link.png\"><\/a>\t\t<\/p>\n\t<\/div>\n\n\t\t\t<p id=\"available_spaces-532\" class=\"available-spaces\"><span class=\"section-title\">Verf\u00fcgbare Pl\u00e4tze: <\/span>0<\/p>\n\t\t\t\t\t<p id=\"register_link-533\" class=\"register-link-footer\"><a class=\"a_register_link ui-button ui-button-big ui-priority-primary ui-state-default ui-state-hover ui-state-focus ui-corner-all\" id=\"a_register_link-533\" href=\"https:\/\/www.anmeldung2.dav-murnau.de\/?page_id=10&ee=533\" title=\"1.16 Hochtouren-Wochenende Ortlergruppe \u2013 for Ladys only\">In Warteliste einschreiben:<\/a><\/p>\n\t\t\t\t\n<\/div><!-- \/ .event-data-display -->\n<\/div><!-- \/ .event-display-boxes -->\n<div id=\"event_data-534\" class=\"event_data NULL  event-data-display event-list-display event-display-boxes ui-widget\">\n\t<h3 id=\"event_title-534\" class=\"event_title ui-widget-header ui-corner-top\"><a title=\"1.17 Klettersteigtage I\" class=\"a_event_title\" id=\"a_event_title-534\" href=\"https:\/\/www.anmeldung2.dav-murnau.de\/?page_id=10&ee=534\">1.17 Klettersteigtage I<\/a>\n\t\t\t\t\t\t\t\t\t\t\t\t\t\t\t\t\t\t\t<\/h3>\n<div class=\"event-data-display ui-widget-content ui-corner-bottom\">\n\t\t\t\t\t\t\t\t\t\t<div class=\"event-meta clearfix\">\n\t\t<p id=\"p_event_price-534\" class=\"event_price\"><span class=\"section-title\">Preis: <\/span> EUR80.00<\/p>\t\t<p id=\"event_date-534\"><span class=\"section-title\">Datum:<\/span>  12. Juli 2026 \n\t\t\t<a  href=\"https:\/\/www.anmeldung2.dav-murnau.de?iCal=true&amp;current_year=2026&amp;current_month=04&amp;current_day=30&amp;current_time=114842&amp;event_id=534&amp;ee_reg_id=d97ff7cebd36e659215ccc78607d5078-69f3419a20c595.49104053&amp;contact_email=webmaster@dav-murnau.de&amp;start_year=1970&amp;start_month=01&amp;start_day=01&amp;start_time=000000&amp;end_year=1970&amp;end_month=01&amp;end_day=01&amp;end_time=000000&amp;event_summary=1.17 Klettersteigtage I&amp;ee_reg_url=https:\/\/www.anmeldung2.dav-murnau.de\/?page_id=10&amp;ee=534&amp;site_url=https:\/\/www.anmeldung2.dav-murnau.de&amp;organization=DAV Murnau - Tourenanmeldung&amp;location\" id=\"espresso_ical_534\" class=\"espresso_ical_link\" title=\"iCal Import\"><img decoding=\"async\" src=\"https:\/\/www.anmeldung2.dav-murnau.de\/wp-content\/plugins\/event-espresso\/images\/icons\/calendar_link.png\"><\/a>\t\t<\/p>\n\t<\/div>\n\n\t\t\t<p id=\"available_spaces-534\" class=\"available-spaces\"><span class=\"section-title\">Verf\u00fcgbare Pl\u00e4tze: <\/span>0<\/p>\n\t\t\t\t\t<p id=\"register_link-535\" class=\"register-link-footer\"><a class=\"a_register_link ui-button ui-button-big ui-priority-primary ui-state-default ui-state-hover ui-state-focus ui-corner-all\" id=\"a_register_link-535\" href=\"https:\/\/www.anmeldung2.dav-murnau.de\/?page_id=10&ee=535\" title=\"1.17 Klettersteigtage I\">In Warteliste einschreiben:<\/a><\/p>\n\t\t\t\t\n<\/div><!-- \/ .event-data-display -->\n<\/div><!-- \/ .event-display-boxes -->\n<div id=\"event_data-544\" class=\"event_data NULL  event-data-display event-list-display event-display-boxes ui-widget\">\n\t<h3 id=\"event_title-544\" class=\"event_title ui-widget-header ui-corner-top\"><a title=\"2.02 Hochtour f\u00fcr Junioren Rheinwaldhorn (Tessin)\" class=\"a_event_title\" id=\"a_event_title-544\" href=\"https:\/\/www.anmeldung2.dav-murnau.de\/?page_id=10&ee=544\">2.02 Hochtour f\u00fcr Junioren Rheinwaldhorn (Tessin)<\/a>\n\t\t\t\t\t\t\t\t\t\t\t\t\t\t\t\t\t\t\t<\/h3>\n<div class=\"event-data-display ui-widget-content ui-corner-bottom\">\n\t\t\t\t\t\t\t\t\t\t<div class=\"event-meta clearfix\">\n\t\t<p id=\"p_event_price-544\" class=\"event_price\"><span class=\"section-title\">Preis: <\/span> EUR0.00<\/p>\t\t<p id=\"event_date-544\"><span class=\"section-title\">Datum:<\/span>  17. Juli 2026 \n\t\t\t<a  href=\"https:\/\/www.anmeldung2.dav-murnau.de?iCal=true&amp;current_year=2026&amp;current_month=04&amp;current_day=30&amp;current_time=114842&amp;event_id=544&amp;ee_reg_id=d97ff7cebd36e659215ccc78607d5078-69f3419a20c595.49104053&amp;contact_email=webmaster@dav-murnau.de&amp;start_year=1970&amp;start_month=01&amp;start_day=01&amp;start_time=000000&amp;end_year=1970&amp;end_month=01&amp;end_day=01&amp;end_time=000000&amp;event_summary=2.02 Hochtour f\u00fcr Junioren Rheinwaldhorn (Tessin)&amp;ee_reg_url=https:\/\/www.anmeldung2.dav-murnau.de\/?page_id=10&amp;ee=544&amp;site_url=https:\/\/www.anmeldung2.dav-murnau.de&amp;organization=DAV Murnau - Tourenanmeldung&amp;location=Kellerstra\u00dfe Murnau 82418\" id=\"espresso_ical_544\" class=\"espresso_ical_link\" title=\"iCal Import\"><img decoding=\"async\" src=\"https:\/\/www.anmeldung2.dav-murnau.de\/wp-content\/plugins\/event-espresso\/images\/icons\/calendar_link.png\"><\/a>\t\t<\/p>\n\t<\/div>\n\n\t <p id=\"available_spaces-544\" class=\"spaces-available\"><span class=\"section-title\">Verf\u00fcgbare Pl\u00e4tze:<\/span> 1<\/p>\n\t\t\t\t\t\t\t<p id=\"register_link-544\" class=\"register-link-footer\">\n\t\t\t\t\t<a class=\"a_register_link ui-button ui-button-big ui-priority-primary ui-state-default ui-state-hover ui-state-focus ui-corner-all\" id=\"a_register_link-544\" href=\"https:\/\/www.anmeldung2.dav-murnau.de\/?page_id=10&ee=544\" title=\"2.02 Hochtour f\u00fcr Junioren Rheinwaldhorn (Tessin)\">Buchen<\/a>\n\t\t\t\t\toder  <a class=\"ee_view_cart ee_add_item_to_cart\" id=\"cart_link_544\" href=\"https:\/\/www.anmeldung2.dav-murnau.de\/?page_id=10&event_id=544\" title=\"2.02 Hochtour f\u00fcr Junioren Rheinwaldhorn (Tessin)\" moving_to_cart=\"Please+wait+redirecting+to+cart+page\" direct_to_cart=\"0\" >In Warenkorb hinzuf\u00fcgen<\/a>\t\t\t\t<\/p>\n\t\t\n<\/div><!-- \/ .event-data-display -->\n<\/div><!-- \/ .event-display-boxes -->\n<div id=\"event_data-536\" class=\"event_data NULL  event-data-display event-list-display event-display-boxes ui-widget\">\n\t<h3 id=\"event_title-536\" class=\"event_title ui-widget-header ui-corner-top\"><a title=\"1.18 Hochtour auf den Schalfkogel (\u00d6tztaler Alpen)\" class=\"a_event_title\" id=\"a_event_title-536\" href=\"https:\/\/www.anmeldung2.dav-murnau.de\/?page_id=10&ee=536\">1.18 Hochtour auf den Schalfkogel (\u00d6tztaler Alpen)<\/a>\n\t\t\t\t\t\t\t\t\t\t\t\t\t\t\t\t\t\t\t<\/h3>\n<div class=\"event-data-display ui-widget-content ui-corner-bottom\">\n\t\t\t\t\t\t\t\t\t\t<div class=\"event-meta clearfix\">\n\t\t<p id=\"p_event_price-536\" class=\"event_price\"><span class=\"section-title\">Preis: <\/span> EUR80.00<\/p>\t\t<p id=\"event_date-536\"><span class=\"section-title\">Datum:<\/span>  24. Juli 2026 \n\t\t\t<a  href=\"https:\/\/www.anmeldung2.dav-murnau.de?iCal=true&amp;current_year=2026&amp;current_month=04&amp;current_day=30&amp;current_time=114842&amp;event_id=536&amp;ee_reg_id=d97ff7cebd36e659215ccc78607d5078-69f3419a20c595.49104053&amp;contact_email=webmaster@dav-murnau.de&amp;start_year=1970&amp;start_month=01&amp;start_day=01&amp;start_time=000000&amp;end_year=1970&amp;end_month=01&amp;end_day=01&amp;end_time=000000&amp;event_summary=1.18 Hochtour auf den Schalfkogel (\u00d6tztaler Alpen)&amp;ee_reg_url=https:\/\/www.anmeldung2.dav-murnau.de\/?page_id=10&amp;ee=536&amp;site_url=https:\/\/www.anmeldung2.dav-murnau.de&amp;organization=DAV Murnau - Tourenanmeldung&amp;location=Kellerstra\u00dfe Murnau 82418\" id=\"espresso_ical_536\" class=\"espresso_ical_link\" title=\"iCal Import\"><img decoding=\"async\" src=\"https:\/\/www.anmeldung2.dav-murnau.de\/wp-content\/plugins\/event-espresso\/images\/icons\/calendar_link.png\"><\/a>\t\t<\/p>\n\t<\/div>\n\n\t\t\t<p id=\"available_spaces-536\" class=\"available-spaces\"><span class=\"section-title\">Verf\u00fcgbare Pl\u00e4tze: <\/span>0<\/p>\n\t\t\t\t\t<p id=\"register_link-537\" class=\"register-link-footer\"><a class=\"a_register_link ui-button ui-button-big ui-priority-primary ui-state-default ui-state-hover ui-state-focus ui-corner-all\" id=\"a_register_link-537\" href=\"https:\/\/www.anmeldung2.dav-murnau.de\/?page_id=10&ee=537\" title=\"1.18 Hochtour auf den Schalfkogel (\u00d6tztaler Alpen)\">In Warteliste einschreiben:<\/a><\/p>\n\t\t\t\t\n<\/div><!-- \/ .event-data-display -->\n<\/div><!-- \/ .event-display-boxes -->\n<div id=\"event_data-539\" class=\"event_data NULL  event-data-display event-list-display event-display-boxes ui-widget\">\n\t<h3 id=\"event_title-539\" class=\"event_title ui-widget-header ui-corner-top\"><a title=\"1.19 Hochtour auf die Ruderhofspitze (Stubaier Alpen)\" class=\"a_event_title\" id=\"a_event_title-539\" href=\"https:\/\/www.anmeldung2.dav-murnau.de\/?page_id=10&ee=539\">1.19 Hochtour auf die Ruderhofspitze (Stubaier Alpen)<\/a>\n\t\t\t\t\t\t\t\t\t\t\t\t\t\t\t\t\t\t\t<\/h3>\n<div class=\"event-data-display ui-widget-content ui-corner-bottom\">\n\t\t\t\t\t\t\t\t\t\t<div class=\"event-meta clearfix\">\n\t\t<p id=\"p_event_price-539\" class=\"event_price\"><span class=\"section-title\">Preis: <\/span> EUR80.00<\/p>\t\t<p id=\"event_date-539\"><span class=\"section-title\">Datum:<\/span>  11. September 2026 \n\t\t\t<a  href=\"https:\/\/www.anmeldung2.dav-murnau.de?iCal=true&amp;current_year=2026&amp;current_month=04&amp;current_day=30&amp;current_time=114842&amp;event_id=539&amp;ee_reg_id=d97ff7cebd36e659215ccc78607d5078-69f3419a20c595.49104053&amp;contact_email=webmaster@dav-murnau.de&amp;start_year=2026&amp;start_month=09&amp;start_day=11&amp;start_time=182800&amp;end_year=2026&amp;end_month=09&amp;end_day=11&amp;end_time=170000&amp;event_summary=1.19 Hochtour auf die Ruderhofspitze (Stubaier Alpen)&amp;ee_reg_url=https:\/\/www.anmeldung2.dav-murnau.de\/?page_id=10&amp;ee=539&amp;site_url=https:\/\/www.anmeldung2.dav-murnau.de&amp;organization=DAV Murnau - Tourenanmeldung&amp;location=Kellerstra\u00dfe Murnau 82418\" id=\"espresso_ical_539\" class=\"espresso_ical_link\" title=\"iCal Import\"><img decoding=\"async\" src=\"https:\/\/www.anmeldung2.dav-murnau.de\/wp-content\/plugins\/event-espresso\/images\/icons\/calendar_link.png\"><\/a>\t\t<\/p>\n\t<\/div>\n\n\t\t\t<p id=\"available_spaces-539\" class=\"available-spaces\"><span class=\"section-title\">Verf\u00fcgbare Pl\u00e4tze: <\/span>0<\/p>\n\t\t\t\t\t<p id=\"register_link-538\" class=\"register-link-footer\"><a class=\"a_register_link ui-button ui-button-big ui-priority-primary ui-state-default ui-state-hover ui-state-focus ui-corner-all\" id=\"a_register_link-538\" href=\"https:\/\/www.anmeldung2.dav-murnau.de\/?page_id=10&ee=538\" title=\"1.19 Hochtour auf die Ruderhofspitze (Stubaier Alpen)\">In Warteliste einschreiben:<\/a><\/p>\n\t\t\t\t\n<\/div><!-- \/ .event-data-display -->\n<\/div><!-- \/ .event-display-boxes -->\n<div id=\"event_data-540\" class=\"event_data NULL  event-data-display event-list-display event-display-boxes ui-widget\">\n\t<h3 id=\"event_title-540\" class=\"event_title ui-widget-header ui-corner-top\"><a title=\"1.20 Klettersteigtage II und Wandern\" class=\"a_event_title\" id=\"a_event_title-540\" href=\"https:\/\/www.anmeldung2.dav-murnau.de\/?page_id=10&ee=540\">1.20 Klettersteigtage II und Wandern<\/a>\n\t\t\t\t\t\t\t\t\t\t\t\t\t\t\t\t\t\t\t<\/h3>\n<div class=\"event-data-display ui-widget-content ui-corner-bottom\">\n\t\t\t\t\t\t\t\t\t\t<div class=\"event-meta clearfix\">\n\t\t<p id=\"p_event_price-540\" class=\"event_price\"><span class=\"section-title\">Preis: <\/span> EUR50.00<\/p>\t\t<p id=\"event_date-540\"><span class=\"section-title\">Datum:<\/span>  11. Oktober 2026 \n\t\t\t<a  href=\"https:\/\/www.anmeldung2.dav-murnau.de?iCal=true&amp;current_year=2026&amp;current_month=04&amp;current_day=30&amp;current_time=114842&amp;event_id=540&amp;ee_reg_id=d97ff7cebd36e659215ccc78607d5078-69f3419a20c595.49104053&amp;contact_email=webmaster@dav-murnau.de&amp;start_year=1970&amp;start_month=01&amp;start_day=01&amp;start_time=000000&amp;end_year=1970&amp;end_month=01&amp;end_day=01&amp;end_time=000000&amp;event_summary=1.20 Klettersteigtage II und Wandern&amp;ee_reg_url=https:\/\/www.anmeldung2.dav-murnau.de\/?page_id=10&amp;ee=540&amp;site_url=https:\/\/www.anmeldung2.dav-murnau.de&amp;organization=DAV Murnau - Tourenanmeldung&amp;location\" id=\"espresso_ical_540\" class=\"espresso_ical_link\" title=\"iCal Import\"><img decoding=\"async\" src=\"https:\/\/www.anmeldung2.dav-murnau.de\/wp-content\/plugins\/event-espresso\/images\/icons\/calendar_link.png\"><\/a>\t\t<\/p>\n\t<\/div>\n\n\t <p id=\"available_spaces-540\" class=\"spaces-available\"><span class=\"section-title\">Verf\u00fcgbare Pl\u00e4tze:<\/span> 1<\/p>\n\t\t\t\t\t\t\t<p id=\"register_link-540\" class=\"register-link-footer\">\n\t\t\t\t\t<a class=\"a_register_link ui-button ui-button-big ui-priority-primary ui-state-default ui-state-hover ui-state-focus ui-corner-all\" id=\"a_register_link-540\" href=\"https:\/\/www.anmeldung2.dav-murnau.de\/?page_id=10&ee=540\" title=\"1.20 Klettersteigtage II und Wandern\">Buchen<\/a>\n\t\t\t\t\toder  <a class=\"ee_view_cart ee_add_item_to_cart\" id=\"cart_link_540\" href=\"https:\/\/www.anmeldung2.dav-murnau.de\/?page_id=10&event_id=540\" title=\"1.20 Klettersteigtage II und Wandern\" moving_to_cart=\"Please+wait+redirecting+to+cart+page\" direct_to_cart=\"0\" >In Warenkorb hinzuf\u00fcgen<\/a>\t\t\t\t<\/p>\n\t\t\n<\/div><!-- \/ .event-data-display -->\n<\/div><!-- \/ .event-display-boxes -->\n<div id=\"event_data-546\" class=\"event_data NULL  event-data-display event-list-display event-display-boxes ui-widget\">\n\t<h3 id=\"event_title-546\" class=\"event_title ui-widget-header ui-corner-top\"><a title=\"2.03 Erlebniswochenende B\u00e4renfleckh\u00fctte f\u00fcr (junge) Erwachsene\" class=\"a_event_title\" id=\"a_event_title-546\" href=\"https:\/\/www.anmeldung2.dav-murnau.de\/?page_id=10&ee=546\">2.03 Erlebniswochenende B\u00e4renfleckh\u00fctte f\u00fcr (junge) Erwachsene<\/a>\n\t\t\t\t\t\t\t\t\t\t\t\t\t\t\t\t\t\t\t<\/h3>\n<div class=\"event-data-display ui-widget-content ui-corner-bottom\">\n\t\t\t\t\t\t\t\t\t\t<div class=\"event-meta clearfix\">\n\t\t<p id=\"p_event_price-546\" class=\"event_price\"><span class=\"section-title\">Preis: <\/span> EUR0.00<\/p>\t\t<p id=\"event_date-546\"><span class=\"section-title\">Datum:<\/span>  13. November 2026 \n\t\t\t<a  href=\"https:\/\/www.anmeldung2.dav-murnau.de?iCal=true&amp;current_year=2026&amp;current_month=04&amp;current_day=30&amp;current_time=114842&amp;event_id=546&amp;ee_reg_id=d97ff7cebd36e659215ccc78607d5078-69f3419a20c595.49104053&amp;contact_email=webmaster@dav-murnau.de&amp;start_year=2026&amp;start_month=11&amp;start_day=13&amp;start_time=190000&amp;end_year=2026&amp;end_month=11&amp;end_day=13&amp;end_time=170000&amp;event_summary=2.03 Erlebniswochenende B\u00e4renfleckh\u00fctte f\u00fcr (junge) Erwachsene&amp;ee_reg_url=https:\/\/www.anmeldung2.dav-murnau.de\/?page_id=10&amp;ee=546&amp;site_url=https:\/\/www.anmeldung2.dav-murnau.de&amp;organization=DAV Murnau - Tourenanmeldung&amp;location\" id=\"espresso_ical_546\" class=\"espresso_ical_link\" title=\"iCal Import\"><img decoding=\"async\" src=\"https:\/\/www.anmeldung2.dav-murnau.de\/wp-content\/plugins\/event-espresso\/images\/icons\/calendar_link.png\"><\/a>\t\t<\/p>\n\t<\/div>\n\n\t <p id=\"available_spaces-546\" class=\"spaces-available\"><span class=\"section-title\">Verf\u00fcgbare Pl\u00e4tze:<\/span> 20<\/p>\n\t\t\t\t\t\t\t<p id=\"register_link-546\" class=\"register-link-footer\">\n\t\t\t\t\t<a class=\"a_register_link ui-button ui-button-big ui-priority-primary ui-state-default ui-state-hover ui-state-focus ui-corner-all\" id=\"a_register_link-546\" href=\"https:\/\/www.anmeldung2.dav-murnau.de\/?page_id=10&ee=546\" title=\"2.03 Erlebniswochenende B\u00e4renfleckh\u00fctte f\u00fcr (junge) Erwachsene\">Buchen<\/a>\n\t\t\t\t\toder  <a class=\"ee_view_cart ee_add_item_to_cart\" id=\"cart_link_546\" href=\"https:\/\/www.anmeldung2.dav-murnau.de\/?page_id=10&event_id=546\" title=\"2.03 Erlebniswochenende B\u00e4renfleckh\u00fctte f\u00fcr (junge) Erwachsene\" moving_to_cart=\"Please+wait+redirecting+to+cart+page\" direct_to_cart=\"0\" >In Warenkorb hinzuf\u00fcgen<\/a>\t\t\t\t<\/p>\n\t\t\n<\/div><!-- \/ .event-data-display -->\n<\/div><!-- \/ .event-display-boxes -->\n<\/div><\/div><\/div><\/span><\/p>\n","protected":false},"excerpt":{"rendered":"","protected":false},"author":2,"featured_media":0,"parent":0,"menu_order":0,"comment_status":"closed","ping_status":"closed","template":"","meta":{"footnotes":""},"class_list":["post-42","page","type-page","status-publish","hentry"],"_links":{"self":[{"href":"https:\/\/www.anmeldung2.dav-murnau.de\/index.php?rest_route=\/wp\/v2\/pages\/42","targetHints":{"allow":["GET"]}}],"collection":[{"href":"https:\/\/www.anmeldung2.dav-murnau.de\/index.php?rest_route=\/wp\/v2\/pages"}],"about":[{"href":"https:\/\/www.anmeldung2.dav-murnau.de\/index.php?rest_route=\/wp\/v2\/types\/page"}],"author":[{"embeddable":true,"href":"https:\/\/www.anmeldung2.dav-murnau.de\/index.php?rest_route=\/wp\/v2\/users\/2"}],"replies":[{"embeddable":true,"href":"https:\/\/www.anmeldung2.dav-murnau.de\/index.php?rest_route=%2Fwp%2Fv2%2Fcomments&post=42"}],"version-history":[{"count":2,"href":"https:\/\/www.anmeldung2.dav-murnau.de\/index.php?rest_route=\/wp\/v2\/pages\/42\/revisions"}],"predecessor-version":[{"id":5714,"href":"https:\/\/www.anmeldung2.dav-murnau.de\/index.php?rest_route=\/wp\/v2\/pages\/42\/revisions\/5714"}],"wp:attachment":[{"href":"https:\/\/www.anmeldung2.dav-murnau.de\/index.php?rest_route=%2Fwp%2Fv2%2Fmedia&parent=42"}],"curies":[{"name":"wp","href":"https:\/\/api.w.org\/{rel}","templated":true}]}}